{"id":20307,"date":"2023-08-28T09:28:57","date_gmt":"2023-08-28T07:28:57","guid":{"rendered":"https:\/\/visitcomines-warneton.be\/see-and-do\/walks-hikes\/balades-plus\/"},"modified":"2025-09-30T14:42:25","modified_gmt":"2025-09-30T12:42:25","slug":"walks-plus","status":"publish","type":"page","link":"https:\/\/visitcomines-warneton.be\/en\/see-and-do\/walks-hikes\/walks-plus\/","title":{"rendered":"Walks+"},"content":{"rendered":"\t\t<div data-elementor-type=\"wp-page\" data-elementor-id=\"20307\" class=\"elementor elementor-20307 elementor-12514\" data-elementor-post-type=\"page\">\n\t\t\t\t\t\t<section class=\"elementor-section elementor-top-section elementor-element elementor-element-c9bdea1 elementor-section-full_width elementor-section-height-default elementor-section-height-default\" data-id=\"c9bdea1\" data-element_type=\"section\" data-settings=\"{&quot;jet_parallax_layout_list&quot;:[]}\">\n\t\t\t\t\t\t<div class=\"elementor-container elementor-column-gap-no\">\n\t\t\t\t\t<div class=\"elementor-column elementor-col-100 elementor-top-column elementor-element elementor-element-2dba997\" data-id=\"2dba997\" data-element_type=\"column\">\n\t\t\t<div class=\"elementor-widget-wrap elementor-element-populated\">\n\t\t\t\t\t\t<div class=\"elementor-element elementor-element-ccc3c70 elementor-absolute elementor-widget elementor-widget-menu-anchor\" data-id=\"ccc3c70\" data-element_type=\"widget\" data-settings=\"{&quot;_position&quot;:&quot;absolute&quot;}\" data-widget_type=\"menu-anchor.default\">\n\t\t\t\t<div class=\"elementor-widget-container\">\n\t\t\t\t\t\t\t<div class=\"elementor-menu-anchor\" id=\"top\"><\/div>\n\t\t\t\t\t\t<\/div>\n\t\t\t\t<\/div>\n\t\t\t\t\t<\/div>\n\t\t<\/div>\n\t\t\t\t\t<\/div>\n\t\t<\/section>\n\t\t\t\t<section class=\"elementor-section elementor-top-section elementor-element elementor-element-7bbcd94 elementor-section-boxed elementor-section-height-default elementor-section-height-default\" data-id=\"7bbcd94\" data-element_type=\"section\" data-settings=\"{&quot;jet_parallax_layout_list&quot;:[],&quot;background_background&quot;:&quot;classic&quot;}\">\n\t\t\t\t\t\t<div class=\"elementor-container elementor-column-gap-no\">\n\t\t\t\t\t<div class=\"elementor-column elementor-col-100 elementor-top-column elementor-element elementor-element-84aa68c elementor-hidden-mobile\" data-id=\"84aa68c\" data-element_type=\"column\">\n\t\t\t<div class=\"elementor-widget-wrap elementor-element-populated\">\n\t\t\t\t\t\t<div class=\"elementor-element elementor-element-4eaa1a2 elementor-absolute animated-slow jet-breadcrumbs-align-tablet-center elementor-invisible elementor-widget elementor-widget-jet-breadcrumbs\" data-id=\"4eaa1a2\" data-element_type=\"widget\" data-settings=\"{&quot;_position&quot;:&quot;absolute&quot;,&quot;_animation&quot;:&quot;fadeIn&quot;}\" data-widget_type=\"jet-breadcrumbs.default\">\n\t\t\t\t<div class=\"elementor-widget-container\">\n\t\t\t\t\t<div class=\"elementor-jet-breadcrumbs jet-blocks\">\n\t\t<div class=\"jet-breadcrumbs\">\n\t\t<div class=\"jet-breadcrumbs__content\">\n\t\t<div class=\"jet-breadcrumbs__wrap\"><div class=\"jet-breadcrumbs__item\"><a href=\"https:\/\/visitcomines-warneton.be\/en\/\" class=\"jet-breadcrumbs__item-link is-home\" rel=\"home\" title=\"Home\">Home<\/a><\/div>\n\t\t<\/div>\n\t\t<\/div>\n\t\t<\/div><\/div>\t\t\t\t<\/div>\n\t\t\t\t<\/div>\n\t\t\t\t<div class=\"elementor-element elementor-element-aad643e elementor-absolute elementor-widget-divider--view-line elementor-widget elementor-widget-divider\" data-id=\"aad643e\" data-element_type=\"widget\" data-settings=\"{&quot;_position&quot;:&quot;absolute&quot;}\" data-widget_type=\"divider.default\">\n\t\t\t\t<div class=\"elementor-widget-container\">\n\t\t\t\t\t\t\t<div class=\"elementor-divider\">\n\t\t\t<span class=\"elementor-divider-separator\">\n\t\t\t\t\t\t<\/span>\n\t\t<\/div>\n\t\t\t\t\t\t<\/div>\n\t\t\t\t<\/div>\n\t\t\t\t\t<\/div>\n\t\t<\/div>\n\t\t\t\t\t<\/div>\n\t\t<\/section>\n\t\t\t\t<section class=\"elementor-section elementor-top-section elementor-element elementor-element-deb6dfb elementor-section-height-min-height animated-fast elementor-section-boxed elementor-section-height-default elementor-section-items-middle elementor-invisible\" data-id=\"deb6dfb\" data-element_type=\"section\" data-settings=\"{&quot;jet_parallax_layout_list&quot;:[],&quot;animation&quot;:&quot;fadeIn&quot;,&quot;background_background&quot;:&quot;classic&quot;}\">\n\t\t\t\t\t\t\t<div class=\"elementor-background-overlay\"><\/div>\n\t\t\t\t\t\t\t<div class=\"elementor-container elementor-column-gap-default\">\n\t\t\t\t\t<div class=\"elementor-column elementor-col-100 elementor-top-column elementor-element elementor-element-3ef5ef7 animated-slow elementor-invisible\" data-id=\"3ef5ef7\" data-element_type=\"column\" data-settings=\"{&quot;animation&quot;:&quot;fadeIn&quot;}\">\n\t\t\t<div class=\"elementor-widget-wrap elementor-element-populated\">\n\t\t\t\t\t\t<div class=\"elementor-element elementor-element-839b4b1 animated-slow elementor-invisible elementor-widget elementor-widget-heading\" data-id=\"839b4b1\" data-element_type=\"widget\" data-settings=\"{&quot;_animation&quot;:&quot;fadeInUp&quot;}\" data-widget_type=\"heading.default\">\n\t\t\t\t<div class=\"elementor-widget-container\">\n\t\t\t\t\t<h1 class=\"elementor-heading-title elementor-size-default\">Walks+<\/h1>\t\t\t\t<\/div>\n\t\t\t\t<\/div>\n\t\t\t\t\t<\/div>\n\t\t<\/div>\n\t\t\t\t\t<\/div>\n\t\t<\/section>\n\t\t\t\t<section class=\"elementor-section elementor-top-section elementor-element elementor-element-930bee6 elementor-section-boxed elementor-section-height-default elementor-section-height-default\" data-id=\"930bee6\" data-element_type=\"section\" data-settings=\"{&quot;jet_parallax_layout_list&quot;:[]}\">\n\t\t\t\t\t\t<div class=\"elementor-container elementor-column-gap-default\">\n\t\t\t\t\t<div class=\"elementor-column elementor-col-100 elementor-top-column elementor-element elementor-element-4f82530\" data-id=\"4f82530\" data-element_type=\"column\">\n\t\t\t<div class=\"elementor-widget-wrap elementor-element-populated\">\n\t\t\t\t\t\t<section class=\"elementor-section elementor-inner-section elementor-element elementor-element-b011cd2 elementor-section-boxed elementor-section-height-default elementor-section-height-default\" data-id=\"b011cd2\" data-element_type=\"section\" data-settings=\"{&quot;jet_parallax_layout_list&quot;:[]}\">\n\t\t\t\t\t\t<div class=\"elementor-container elementor-column-gap-default\">\n\t\t\t\t\t<div class=\"elementor-column elementor-col-100 elementor-inner-column elementor-element elementor-element-e150f3e\" data-id=\"e150f3e\" data-element_type=\"column\">\n\t\t\t<div class=\"elementor-widget-wrap elementor-element-populated\">\n\t\t\t\t\t\t<div class=\"elementor-element elementor-element-6309214 elementor-widget elementor-widget-text-editor\" data-id=\"6309214\" data-element_type=\"widget\" data-widget_type=\"text-editor.default\">\n\t\t\t\t<div class=\"elementor-widget-container\">\n\t\t\t\t\t\t\t\t\t<p><strong>Comines-Warneton, an appealing travel destination<\/strong><br \/>So much so that many regional and international organisations have included it in their list of walking and cycling routes.<br \/>These diverse itineraries can be downloaded or followed using signposts.<\/p><p>A vast network of active transport ways to explore, but also a godsend for those who love a challenge!<\/p>\t\t\t\t\t\t\t\t<\/div>\n\t\t\t\t<\/div>\n\t\t\t\t<div class=\"elementor-element elementor-element-1b9bf5c elementor-pagination-position-inside elementor-arrows-position-inside elementor-widget elementor-widget-image-carousel\" data-id=\"1b9bf5c\" data-element_type=\"widget\" data-settings=\"{&quot;slides_to_show&quot;:&quot;4&quot;,&quot;image_spacing_custom&quot;:{&quot;unit&quot;:&quot;px&quot;,&quot;size&quot;:0,&quot;sizes&quot;:[]},&quot;autoplay_speed&quot;:2000,&quot;slides_to_show_tablet&quot;:&quot;4&quot;,&quot;navigation&quot;:&quot;both&quot;,&quot;autoplay&quot;:&quot;yes&quot;,&quot;pause_on_hover&quot;:&quot;yes&quot;,&quot;pause_on_interaction&quot;:&quot;yes&quot;,&quot;infinite&quot;:&quot;yes&quot;,&quot;speed&quot;:500,&quot;image_spacing_custom_tablet&quot;:{&quot;unit&quot;:&quot;px&quot;,&quot;size&quot;:&quot;&quot;,&quot;sizes&quot;:[]},&quot;image_spacing_custom_mobile&quot;:{&quot;unit&quot;:&quot;px&quot;,&quot;size&quot;:&quot;&quot;,&quot;sizes&quot;:[]}}\" data-widget_type=\"image-carousel.default\">\n\t\t\t\t<div class=\"elementor-widget-container\">\n\t\t\t\t\t\t\t<div class=\"elementor-image-carousel-wrapper swiper\" role=\"region\" aria-roledescription=\"carousel\" aria-label=\"Carrousel d\u2019images\" dir=\"ltr\">\n\t\t\t<div class=\"elementor-image-carousel swiper-wrapper\" aria-live=\"off\">\n\t\t\t\t\t\t\t\t<div class=\"swiper-slide\" role=\"group\" aria-roledescription=\"slide\" aria-label=\"1 of 11\"><a data-elementor-open-lightbox=\"yes\" data-elementor-lightbox-slideshow=\"1b9bf5c\" data-e-action-hash=\"#elementor-action%3Aaction%3Dlightbox%26settings%3DeyJpZCI6MTk4MzYsInVybCI6Imh0dHBzOlwvXC92aXNpdGNvbWluZXMtd2FybmV0b24uYmVcL3dwLWNvbnRlbnRcL3VwbG9hZHNcLzIwMjNcLzA5XC92aWEtc2FjcmEtMi5qcGciLCJzbGlkZXNob3ciOiIxYjliZjVjIn0%3D\" href=\"https:\/\/visitcomines-warneton.be\/wp-content\/uploads\/2023\/09\/via-sacra-2.jpg\"><figure class=\"swiper-slide-inner\"><img decoding=\"async\" class=\"swiper-slide-image\" src=\"https:\/\/visitcomines-warneton.be\/wp-content\/uploads\/elementor\/thumbs\/via-sacra-2-qld8a2fq238qajaxijaziwlu6q3c6xx2ocf2eb43p4.jpg\" alt=\"Via Sacra\" \/><\/figure><\/a><\/div><div class=\"swiper-slide\" role=\"group\" aria-roledescription=\"slide\" aria-label=\"2 of 11\"><a data-elementor-open-lightbox=\"yes\" data-elementor-lightbox-slideshow=\"1b9bf5c\" data-e-action-hash=\"#elementor-action%3Aaction%3Dlightbox%26settings%3DeyJpZCI6MTk4MzcsInVybCI6Imh0dHBzOlwvXC92aXNpdGNvbWluZXMtd2FybmV0b24uYmVcL3dwLWNvbnRlbnRcL3VwbG9hZHNcLzIwMjNcLzEwXC9taW5pX2FyYnJlc18xNC0xOC5qcGciLCJzbGlkZXNob3ciOiIxYjliZjVjIn0%3D\" href=\"https:\/\/visitcomines-warneton.be\/wp-content\/uploads\/2023\/10\/mini_arbres_14-18.jpg\"><figure class=\"swiper-slide-inner\"><img decoding=\"async\" class=\"swiper-slide-image\" src=\"https:\/\/visitcomines-warneton.be\/wp-content\/uploads\/elementor\/thumbs\/mini_arbres_14-18-qld97qziydcmbidmu3fpvemghs2u0hmtb1zfh968qg.jpg\" alt=\"Arbres 14-18 1914 1918\" \/><\/figure><\/a><\/div><div class=\"swiper-slide\" role=\"group\" aria-roledescription=\"slide\" aria-label=\"3 of 11\"><a data-elementor-open-lightbox=\"yes\" data-elementor-lightbox-slideshow=\"1b9bf5c\" data-e-action-hash=\"#elementor-action%3Aaction%3Dlightbox%26settings%3DeyJpZCI6MTk4MzgsInVybCI6Imh0dHBzOlwvXC92aXNpdGNvbWluZXMtd2FybmV0b24uYmVcL3dwLWNvbnRlbnRcL3VwbG9hZHNcLzIwMjNcLzEyXC9WZWxvcm91dGUtZHUtbm9yZC1WMzItSU1HXzQzMzYtZ2FsZXJpZS5qcGciLCJzbGlkZXNob3ciOiIxYjliZjVjIn0%3D\" href=\"https:\/\/visitcomines-warneton.be\/wp-content\/uploads\/2023\/12\/Veloroute-du-nord-V32-IMG_4336-galerie.jpg\"><figure class=\"swiper-slide-inner\"><img decoding=\"async\" class=\"swiper-slide-image\" src=\"https:\/\/visitcomines-warneton.be\/wp-content\/uploads\/elementor\/thumbs\/Veloroute-du-nord-V32-IMG_4336-galerie-qld9y91pn7mnnpvt31u1o7vbfvge19uda859l3vnaw.jpg\" alt=\"V\u00e9loroute du nord V32\" \/><\/figure><\/a><\/div><div class=\"swiper-slide\" role=\"group\" aria-roledescription=\"slide\" aria-label=\"4 of 11\"><a data-elementor-open-lightbox=\"yes\" data-elementor-lightbox-slideshow=\"1b9bf5c\" data-e-action-hash=\"#elementor-action%3Aaction%3Dlightbox%26settings%3DeyJpZCI6MTk4MzksInVybCI6Imh0dHBzOlwvXC92aXNpdGNvbWluZXMtd2FybmV0b24uYmVcL3dwLWNvbnRlbnRcL3VwbG9hZHNcLzIwMjNcLzEwXC9DaHJpc3RtYXNfdHJ1Y2UuanBnIiwic2xpZGVzaG93IjoiMWI5YmY1YyJ9\" href=\"https:\/\/visitcomines-warneton.be\/wp-content\/uploads\/2023\/10\/Christmas_truce.jpg\"><figure class=\"swiper-slide-inner\"><img decoding=\"async\" class=\"swiper-slide-image\" src=\"https:\/\/visitcomines-warneton.be\/wp-content\/uploads\/elementor\/thumbs\/Christmas_truce-qld972jq0of5xnd4ssvf2ksh1rfagcxsjp0t026h88.jpg\" alt=\"Christmas Truce Panneau\" \/><\/figure><\/a><\/div><div class=\"swiper-slide\" role=\"group\" aria-roledescription=\"slide\" aria-label=\"5 of 11\"><a data-elementor-open-lightbox=\"yes\" data-elementor-lightbox-slideshow=\"1b9bf5c\" data-e-action-hash=\"#elementor-action%3Aaction%3Dlightbox%26settings%3DeyJpZCI6MTk4NDAsInVybCI6Imh0dHBzOlwvXC92aXNpdGNvbWluZXMtd2FybmV0b24uYmVcL3dwLWNvbnRlbnRcL3VwbG9hZHNcLzIwMjNcLzA5XC9iYWxhZGVfcGx1c19jYXJyZS1ibGV1LTIuanBnIiwic2xpZGVzaG93IjoiMWI5YmY1YyJ9\" href=\"https:\/\/visitcomines-warneton.be\/wp-content\/uploads\/2023\/09\/balade_plus_carre-bleu-2.jpg\"><figure class=\"swiper-slide-inner\"><img decoding=\"async\" class=\"swiper-slide-image\" src=\"https:\/\/visitcomines-warneton.be\/wp-content\/uploads\/elementor\/thumbs\/balade_plus_carre-bleu-2-qld894lj81yeoko304of1558suq4hu6qjoxl4ci9x4.jpg\" alt=\"Carr\u00e9 bleu Balade Comines Warneton\" \/><\/figure><\/a><\/div><div class=\"swiper-slide\" role=\"group\" aria-roledescription=\"slide\" aria-label=\"6 of 11\"><a data-elementor-open-lightbox=\"yes\" data-elementor-lightbox-slideshow=\"1b9bf5c\" data-e-action-hash=\"#elementor-action%3Aaction%3Dlightbox%26settings%3DeyJpZCI6MTk4NDEsInVybCI6Imh0dHBzOlwvXC92aXNpdGNvbWluZXMtd2FybmV0b24uYmVcL3dwLWNvbnRlbnRcL3VwbG9hZHNcLzIwMjNcLzEyXC9jYW5hbF95cHJlc19jb21pbmVzLmpwZyIsInNsaWRlc2hvdyI6IjFiOWJmNWMifQ%3D%3D\" href=\"https:\/\/visitcomines-warneton.be\/wp-content\/uploads\/2023\/12\/canal_ypres_comines.jpg\"><figure class=\"swiper-slide-inner\"><img decoding=\"async\" class=\"swiper-slide-image\" src=\"https:\/\/visitcomines-warneton.be\/wp-content\/uploads\/elementor\/thumbs\/canal_ypres_comines-qld9l8y33ptv1wrr0fhu6hzrlzjlk081hv9glb5pdk.jpg\" alt=\"canal Comines Ypres\" \/><\/figure><\/a><\/div><div class=\"swiper-slide\" role=\"group\" aria-roledescription=\"slide\" aria-label=\"7 of 11\"><a data-elementor-open-lightbox=\"yes\" data-elementor-lightbox-slideshow=\"1b9bf5c\" data-e-action-hash=\"#elementor-action%3Aaction%3Dlightbox%26settings%3DeyJpZCI6MTk4NDIsInVybCI6Imh0dHBzOlwvXC92aXNpdGNvbWluZXMtd2FybmV0b24uYmVcL3dwLWNvbnRlbnRcL3VwbG9hZHNcLzIwMjNcLzA5XC9iYWxhZGVfcGx1c192aWEtc2FjcmEuanBnIiwic2xpZGVzaG93IjoiMWI5YmY1YyJ9\" href=\"https:\/\/visitcomines-warneton.be\/wp-content\/uploads\/2023\/09\/balade_plus_via-sacra.jpg\"><figure class=\"swiper-slide-inner\"><img decoding=\"async\" class=\"swiper-slide-image\" src=\"https:\/\/visitcomines-warneton.be\/wp-content\/uploads\/elementor\/thumbs\/balade_plus_via-sacra-qld89t1c5qvv2fol1f8ptyz88vdo1yvrb1w7lji1fc.jpg\" alt=\"Via Sacra Balade Western Front Way Ligne de Front Belgique France\" \/><\/figure><\/a><\/div><div class=\"swiper-slide\" role=\"group\" aria-roledescription=\"slide\" aria-label=\"8 of 11\"><a data-elementor-open-lightbox=\"yes\" data-elementor-lightbox-slideshow=\"1b9bf5c\" data-e-action-hash=\"#elementor-action%3Aaction%3Dlightbox%26settings%3DeyJpZCI6MTk4NDMsInVybCI6Imh0dHBzOlwvXC92aXNpdGNvbWluZXMtd2FybmV0b24uYmVcL3dwLWNvbnRlbnRcL3VwbG9hZHNcLzIwMjNcLzA5XC9iYWxhZGVfcGx1c19fY2FycmUtYmxldS0zLmpwZyIsInNsaWRlc2hvdyI6IjFiOWJmNWMifQ%3D%3D\" href=\"https:\/\/visitcomines-warneton.be\/wp-content\/uploads\/2023\/09\/balade_plus__carre-bleu-3.jpg\"><figure class=\"swiper-slide-inner\"><img decoding=\"async\" class=\"swiper-slide-image\" src=\"https:\/\/visitcomines-warneton.be\/wp-content\/uploads\/elementor\/thumbs\/balade_plus__carre-bleu-3-qld88tbgy1iyt94gtzsw77zpo89pxgxyi53rd0yzzs.jpg\" alt=\"balade_plus__carre-bleu-3\" \/><\/figure><\/a><\/div><div class=\"swiper-slide\" role=\"group\" aria-roledescription=\"slide\" aria-label=\"9 of 11\"><a data-elementor-open-lightbox=\"yes\" data-elementor-lightbox-slideshow=\"1b9bf5c\" data-e-action-hash=\"#elementor-action%3Aaction%3Dlightbox%26settings%3DeyJpZCI6MTk4NDQsInVybCI6Imh0dHBzOlwvXC92aXNpdGNvbWluZXMtd2FybmV0b24uYmVcL3dwLWNvbnRlbnRcL3VwbG9hZHNcLzIwMjNcLzA5XC9iYWxhZGVfcGx1c19JTUdfMDkxMS5qcGciLCJzbGlkZXNob3ciOiIxYjliZjVjIn0%3D\" href=\"https:\/\/visitcomines-warneton.be\/wp-content\/uploads\/2023\/09\/balade_plus_IMG_0911.jpg\"><figure class=\"swiper-slide-inner\"><img decoding=\"async\" class=\"swiper-slide-image\" src=\"https:\/\/visitcomines-warneton.be\/wp-content\/uploads\/elementor\/thumbs\/balade_plus_IMG_0911-qld89jmy9eizuc28kb6g51cmb0nzwzufxrdcsrvz5k.jpg\" alt=\"Balade Comines Warneton\" \/><\/figure><\/a><\/div><div class=\"swiper-slide\" role=\"group\" aria-roledescription=\"slide\" aria-label=\"10 of 11\"><a data-elementor-open-lightbox=\"yes\" data-elementor-lightbox-slideshow=\"1b9bf5c\" data-e-action-hash=\"#elementor-action%3Aaction%3Dlightbox%26settings%3DeyJpZCI6MTk4NDUsInVybCI6Imh0dHBzOlwvXC92aXNpdGNvbWluZXMtd2FybmV0b24uYmVcL3dwLWNvbnRlbnRcL3VwbG9hZHNcLzIwMjNcLzA5XC9iYWxhZGVfcGx1c19WREItMS5qcGciLCJzbGlkZXNob3ciOiIxYjliZjVjIn0%3D\" href=\"https:\/\/visitcomines-warneton.be\/wp-content\/uploads\/2023\/09\/balade_plus_VDB-1.jpg\"><figure class=\"swiper-slide-inner\"><img decoding=\"async\" class=\"swiper-slide-image\" src=\"https:\/\/visitcomines-warneton.be\/wp-content\/uploads\/elementor\/thumbs\/balade_plus_VDB-1-qld89oc57kpfgdvesv7kzi5x9y0tzhd3mems75p0ag.jpg\" alt=\"Route VDB Vandenbroucke Forever\" \/><\/figure><\/a><\/div><div class=\"swiper-slide\" role=\"group\" aria-roledescription=\"slide\" aria-label=\"11 of 11\"><a data-elementor-open-lightbox=\"yes\" data-elementor-lightbox-slideshow=\"1b9bf5c\" data-e-action-hash=\"#elementor-action%3Aaction%3Dlightbox%26settings%3DeyJpZCI6MTk4NDYsInVybCI6Imh0dHBzOlwvXC92aXNpdGNvbWluZXMtd2FybmV0b24uYmVcL3dwLWNvbnRlbnRcL3VwbG9hZHNcLzIwMjNcLzEyXC9iYWxhZGVfcGx1c19jYXJyZS1ncmVuc2xlaWUtSU1HXzUzOTIuanBnIiwic2xpZGVzaG93IjoiMWI5YmY1YyJ9\" href=\"https:\/\/visitcomines-warneton.be\/wp-content\/uploads\/2023\/12\/balade_plus_carre-grensleie-IMG_5392.jpg\"><figure class=\"swiper-slide-inner\"><img decoding=\"async\" class=\"swiper-slide-image\" src=\"https:\/\/visitcomines-warneton.be\/wp-content\/uploads\/elementor\/thumbs\/balade_plus_carre-grensleie-IMG_5392-qld2fsxf99en6qq2b5cd9gquesghce6nfmtwp0vhko.jpg\" alt=\"Grenseleie panneaux\" \/><\/figure><\/a><\/div>\t\t\t<\/div>\n\t\t\t\t\t\t\t\t\t\t\t\t<div class=\"elementor-swiper-button elementor-swiper-button-prev\" role=\"button\" tabindex=\"0\">\n\t\t\t\t\t\t<i aria-hidden=\"true\" class=\"eicon-chevron-left\"><\/i>\t\t\t\t\t<\/div>\n\t\t\t\t\t<div class=\"elementor-swiper-button elementor-swiper-button-next\" role=\"button\" tabindex=\"0\">\n\t\t\t\t\t\t<i aria-hidden=\"true\" class=\"eicon-chevron-right\"><\/i>\t\t\t\t\t<\/div>\n\t\t\t\t\n\t\t\t\t\t\t\t\t\t<div class=\"swiper-pagination\"><\/div>\n\t\t\t\t\t\t\t\t\t<\/div>\n\t\t\t\t\t\t<\/div>\n\t\t\t\t<\/div>\n\t\t\t\t\t<\/div>\n\t\t<\/div>\n\t\t\t\t\t<\/div>\n\t\t<\/section>\n\t\t\t\t\t<\/div>\n\t\t<\/div>\n\t\t\t\t\t<\/div>\n\t\t<\/section>\n\t\t\t\t<section class=\"elementor-section elementor-top-section elementor-element elementor-element-48698ba elementor-section-boxed elementor-section-height-default elementor-section-height-default\" data-id=\"48698ba\" data-element_type=\"section\" data-settings=\"{&quot;background_background&quot;:&quot;classic&quot;,&quot;jet_parallax_layout_list&quot;:[{&quot;_id&quot;:&quot;5aba62&quot;,&quot;jet_parallax_layout_image&quot;:{&quot;url&quot;:&quot;&quot;,&quot;id&quot;:&quot;&quot;,&quot;size&quot;:&quot;&quot;},&quot;jet_parallax_layout_image_tablet&quot;:{&quot;url&quot;:&quot;&quot;,&quot;id&quot;:&quot;&quot;,&quot;size&quot;:&quot;&quot;},&quot;jet_parallax_layout_image_mobile&quot;:{&quot;url&quot;:&quot;&quot;,&quot;id&quot;:&quot;&quot;,&quot;size&quot;:&quot;&quot;},&quot;jet_parallax_layout_speed&quot;:{&quot;unit&quot;:&quot;%&quot;,&quot;size&quot;:50,&quot;sizes&quot;:[]},&quot;jet_parallax_layout_type&quot;:&quot;scroll&quot;,&quot;jet_parallax_layout_direction&quot;:null,&quot;jet_parallax_layout_fx_direction&quot;:null,&quot;jet_parallax_layout_z_index&quot;:&quot;&quot;,&quot;jet_parallax_layout_bg_x&quot;:50,&quot;jet_parallax_layout_bg_x_tablet&quot;:&quot;&quot;,&quot;jet_parallax_layout_bg_x_mobile&quot;:&quot;&quot;,&quot;jet_parallax_layout_bg_y&quot;:50,&quot;jet_parallax_layout_bg_y_tablet&quot;:&quot;&quot;,&quot;jet_parallax_layout_bg_y_mobile&quot;:&quot;&quot;,&quot;jet_parallax_layout_bg_size&quot;:&quot;auto&quot;,&quot;jet_parallax_layout_bg_size_tablet&quot;:&quot;&quot;,&quot;jet_parallax_layout_bg_size_mobile&quot;:&quot;&quot;,&quot;jet_parallax_layout_animation_prop&quot;:&quot;transform&quot;,&quot;jet_parallax_layout_on&quot;:[&quot;desktop&quot;,&quot;tablet&quot;]}]}\">\n\t\t\t\t\t\t<div class=\"elementor-container elementor-column-gap-default\">\n\t\t\t\t\t<div class=\"elementor-column elementor-col-50 elementor-top-column elementor-element elementor-element-c1cb1e9\" data-id=\"c1cb1e9\" data-element_type=\"column\" data-settings=\"{&quot;background_background&quot;:&quot;classic&quot;}\">\n\t\t\t<div class=\"elementor-widget-wrap elementor-element-populated\">\n\t\t\t\t\t\t<div class=\"elementor-element elementor-element-200024f elementor-widget elementor-widget-image\" data-id=\"200024f\" data-element_type=\"widget\" data-widget_type=\"image.default\">\n\t\t\t\t<div class=\"elementor-widget-container\">\n\t\t\t\t\t\t\t\t\t\t\t\t\t\t\t<img fetchpriority=\"high\" decoding=\"async\" width=\"400\" height=\"400\" src=\"https:\/\/visitcomines-warneton.be\/wp-content\/uploads\/2023\/10\/balade_plus_VDB-3.jpg\" class=\"attachment-large size-large wp-image-19847\" alt=\"Route VDB Vandenbroucke Forever\" srcset=\"https:\/\/visitcomines-warneton.be\/wp-content\/uploads\/2023\/10\/balade_plus_VDB-3.jpg 400w, https:\/\/visitcomines-warneton.be\/wp-content\/uploads\/2023\/10\/balade_plus_VDB-3-300x300.jpg 300w, https:\/\/visitcomines-warneton.be\/wp-content\/uploads\/2023\/10\/balade_plus_VDB-3-150x150.jpg 150w\" sizes=\"(max-width: 400px) 100vw, 400px\" \/>\t\t\t\t\t\t\t\t\t\t\t\t\t\t\t<\/div>\n\t\t\t\t<\/div>\n\t\t\t\t\t<\/div>\n\t\t<\/div>\n\t\t\t\t<div class=\"elementor-column elementor-col-50 elementor-top-column elementor-element elementor-element-15c4ae1\" data-id=\"15c4ae1\" data-element_type=\"column\" data-settings=\"{&quot;background_background&quot;:&quot;classic&quot;}\">\n\t\t\t<div class=\"elementor-widget-wrap elementor-element-populated\">\n\t\t\t\t\t\t<div class=\"elementor-element elementor-element-92b9e16 elementor-widget elementor-widget-heading\" data-id=\"92b9e16\" data-element_type=\"widget\" data-widget_type=\"heading.default\">\n\t\t\t\t<div class=\"elementor-widget-container\">\n\t\t\t\t\t<h2 class=\"elementor-heading-title elementor-size-default\">VDB Ride<\/h2>\t\t\t\t<\/div>\n\t\t\t\t<\/div>\n\t\t\t\t<div class=\"elementor-element elementor-element-6f5cdcd elementor-widget-divider--view-line elementor-widget elementor-widget-divider\" data-id=\"6f5cdcd\" data-element_type=\"widget\" data-widget_type=\"divider.default\">\n\t\t\t\t<div class=\"elementor-widget-container\">\n\t\t\t\t\t\t\t<div class=\"elementor-divider\">\n\t\t\t<span class=\"elementor-divider-separator\">\n\t\t\t\t\t\t<\/span>\n\t\t<\/div>\n\t\t\t\t\t\t<\/div>\n\t\t\t\t<\/div>\n\t\t\t\t<div class=\"elementor-element elementor-element-fc9eff8 elementor-widget elementor-widget-text-editor\" data-id=\"fc9eff8\" data-element_type=\"widget\" data-widget_type=\"text-editor.default\">\n\t\t\t\t<div class=\"elementor-widget-container\">\n\t\t\t\t\t\t\t\t\t<p>A 76 km circuit following the training roads and routes of VDB.<br \/>A tribute to cycling champion Frank Vandenbroucke, whose memory lives on.<br \/>Start from his home village of Ploegsteert and ride to Heuvelland.<br \/>A succession of varied landscapes but also a few climbs for the pros among you!<\/p>\t\t\t\t\t\t\t\t<\/div>\n\t\t\t\t<\/div>\n\t\t\t\t<div class=\"elementor-element elementor-element-93510ba elementor-widget-divider--view-line elementor-widget elementor-widget-divider\" data-id=\"93510ba\" data-element_type=\"widget\" data-widget_type=\"divider.default\">\n\t\t\t\t<div class=\"elementor-widget-container\">\n\t\t\t\t\t\t\t<div class=\"elementor-divider\">\n\t\t\t<span class=\"elementor-divider-separator\">\n\t\t\t\t\t\t<\/span>\n\t\t<\/div>\n\t\t\t\t\t\t<\/div>\n\t\t\t\t<\/div>\n\t\t\t\t<section class=\"elementor-section elementor-inner-section elementor-element elementor-element-ec5ea48 elementor-section-full_width elementor-section-height-default elementor-section-height-default\" data-id=\"ec5ea48\" data-element_type=\"section\" data-settings=\"{&quot;jet_parallax_layout_list&quot;:[]}\">\n\t\t\t\t\t\t<div class=\"elementor-container elementor-column-gap-no\">\n\t\t\t\t\t<div class=\"elementor-column elementor-col-100 elementor-inner-column elementor-element elementor-element-fc8e4af\" data-id=\"fc8e4af\" data-element_type=\"column\">\n\t\t\t<div class=\"elementor-widget-wrap elementor-element-populated\">\n\t\t\t\t\t\t<div class=\"elementor-element elementor-element-c4af098 elementor-align-left elementor-mobile-align-center elementor-widget elementor-widget-button\" data-id=\"c4af098\" data-element_type=\"widget\" data-widget_type=\"button.default\">\n\t\t\t\t<div class=\"elementor-widget-container\">\n\t\t\t\t\t\t\t\t\t<div class=\"elementor-button-wrapper\">\n\t\t\t\t\t<a class=\"elementor-button elementor-button-link elementor-size-sm\" href=\"https:\/\/www.toerismeheuvelland.be\/fr\/route-vdb-fr\" target=\"_blank\" rel=\"nofollow\">\n\t\t\t\t\t\t<span class=\"elementor-button-content-wrapper\">\n\t\t\t\t\t\t<span class=\"elementor-button-icon\">\n\t\t\t\t<i aria-hidden=\"true\" class=\"fas fa-route\"><\/i>\t\t\t<\/span>\n\t\t\t\t\t\t\t\t\t<span class=\"elementor-button-text\">To the description<\/span>\n\t\t\t\t\t<\/span>\n\t\t\t\t\t<\/a>\n\t\t\t\t<\/div>\n\t\t\t\t\t\t\t\t<\/div>\n\t\t\t\t<\/div>\n\t\t\t\t\t<\/div>\n\t\t<\/div>\n\t\t\t\t\t<\/div>\n\t\t<\/section>\n\t\t\t\t\t<\/div>\n\t\t<\/div>\n\t\t\t\t\t<\/div>\n\t\t<\/section>\n\t\t\t\t<section class=\"elementor-section elementor-top-section elementor-element elementor-element-2138acc elementor-section-boxed elementor-section-height-default elementor-section-height-default\" data-id=\"2138acc\" data-element_type=\"section\" data-settings=\"{&quot;background_background&quot;:&quot;classic&quot;,&quot;jet_parallax_layout_list&quot;:[{&quot;_id&quot;:&quot;5aba62&quot;,&quot;jet_parallax_layout_image&quot;:{&quot;url&quot;:&quot;&quot;,&quot;id&quot;:&quot;&quot;,&quot;size&quot;:&quot;&quot;},&quot;jet_parallax_layout_image_tablet&quot;:{&quot;url&quot;:&quot;&quot;,&quot;id&quot;:&quot;&quot;,&quot;size&quot;:&quot;&quot;},&quot;jet_parallax_layout_image_mobile&quot;:{&quot;url&quot;:&quot;&quot;,&quot;id&quot;:&quot;&quot;,&quot;size&quot;:&quot;&quot;},&quot;jet_parallax_layout_speed&quot;:{&quot;unit&quot;:&quot;%&quot;,&quot;size&quot;:50,&quot;sizes&quot;:[]},&quot;jet_parallax_layout_type&quot;:&quot;scroll&quot;,&quot;jet_parallax_layout_direction&quot;:null,&quot;jet_parallax_layout_fx_direction&quot;:null,&quot;jet_parallax_layout_z_index&quot;:&quot;&quot;,&quot;jet_parallax_layout_bg_x&quot;:50,&quot;jet_parallax_layout_bg_x_tablet&quot;:&quot;&quot;,&quot;jet_parallax_layout_bg_x_mobile&quot;:&quot;&quot;,&quot;jet_parallax_layout_bg_y&quot;:50,&quot;jet_parallax_layout_bg_y_tablet&quot;:&quot;&quot;,&quot;jet_parallax_layout_bg_y_mobile&quot;:&quot;&quot;,&quot;jet_parallax_layout_bg_size&quot;:&quot;auto&quot;,&quot;jet_parallax_layout_bg_size_tablet&quot;:&quot;&quot;,&quot;jet_parallax_layout_bg_size_mobile&quot;:&quot;&quot;,&quot;jet_parallax_layout_animation_prop&quot;:&quot;transform&quot;,&quot;jet_parallax_layout_on&quot;:[&quot;desktop&quot;,&quot;tablet&quot;]}]}\">\n\t\t\t\t\t\t<div class=\"elementor-container elementor-column-gap-default\">\n\t\t\t\t\t<div class=\"elementor-column elementor-col-50 elementor-top-column elementor-element elementor-element-41dc96a\" data-id=\"41dc96a\" data-element_type=\"column\" data-settings=\"{&quot;background_background&quot;:&quot;classic&quot;}\">\n\t\t\t<div class=\"elementor-widget-wrap elementor-element-populated\">\n\t\t\t\t\t\t<div class=\"elementor-element elementor-element-3d0f7e3 elementor-widget elementor-widget-image\" data-id=\"3d0f7e3\" data-element_type=\"widget\" data-widget_type=\"image.default\">\n\t\t\t\t<div class=\"elementor-widget-container\">\n\t\t\t\t\t\t\t\t\t\t\t\t\t\t\t<img decoding=\"async\" width=\"400\" height=\"400\" src=\"https:\/\/visitcomines-warneton.be\/wp-content\/uploads\/2023\/10\/mini_VTT_Heuvelland-IMG00224.jpg\" class=\"attachment-large size-large wp-image-19848\" alt=\"VTT Heuvelland panneau\" srcset=\"https:\/\/visitcomines-warneton.be\/wp-content\/uploads\/2023\/10\/mini_VTT_Heuvelland-IMG00224.jpg 400w, https:\/\/visitcomines-warneton.be\/wp-content\/uploads\/2023\/10\/mini_VTT_Heuvelland-IMG00224-300x300.jpg 300w, https:\/\/visitcomines-warneton.be\/wp-content\/uploads\/2023\/10\/mini_VTT_Heuvelland-IMG00224-150x150.jpg 150w\" sizes=\"(max-width: 400px) 100vw, 400px\" \/>\t\t\t\t\t\t\t\t\t\t\t\t\t\t\t<\/div>\n\t\t\t\t<\/div>\n\t\t\t\t\t<\/div>\n\t\t<\/div>\n\t\t\t\t<div class=\"elementor-column elementor-col-50 elementor-top-column elementor-element elementor-element-2241ba4\" data-id=\"2241ba4\" data-element_type=\"column\" data-settings=\"{&quot;background_background&quot;:&quot;classic&quot;}\">\n\t\t\t<div class=\"elementor-widget-wrap elementor-element-populated\">\n\t\t\t\t\t\t<div class=\"elementor-element elementor-element-ff1a2a9 elementor-widget elementor-widget-heading\" data-id=\"ff1a2a9\" data-element_type=\"widget\" data-widget_type=\"heading.default\">\n\t\t\t\t<div class=\"elementor-widget-container\">\n\t\t\t\t\t<h2 class=\"elementor-heading-title elementor-size-default\">Heuvelland MTB ride<\/h2>\t\t\t\t<\/div>\n\t\t\t\t<\/div>\n\t\t\t\t<div class=\"elementor-element elementor-element-b8bba12 elementor-widget-divider--view-line elementor-widget elementor-widget-divider\" data-id=\"b8bba12\" data-element_type=\"widget\" data-widget_type=\"divider.default\">\n\t\t\t\t<div class=\"elementor-widget-container\">\n\t\t\t\t\t\t\t<div class=\"elementor-divider\">\n\t\t\t<span class=\"elementor-divider-separator\">\n\t\t\t\t\t\t<\/span>\n\t\t<\/div>\n\t\t\t\t\t\t<\/div>\n\t\t\t\t<\/div>\n\t\t\t\t<div class=\"elementor-element elementor-element-51d6eef elementor-widget elementor-widget-text-editor\" data-id=\"51d6eef\" data-element_type=\"widget\" data-widget_type=\"text-editor.default\">\n\t\t\t\t<div class=\"elementor-widget-container\">\n\t\t\t\t\t\t\t\t\t<p>A 100 km signposted route with elevation changes that will attract many mountain bikers.<br \/>A series of loops passing by remarkable natural sites and various WW1 remembrance sites.<br \/>A beautiful blend of sport and culture between Heuvelland and Ploegsteert.<\/p>\t\t\t\t\t\t\t\t<\/div>\n\t\t\t\t<\/div>\n\t\t\t\t<div class=\"elementor-element elementor-element-ea5e2aa elementor-widget-divider--view-line elementor-widget elementor-widget-divider\" data-id=\"ea5e2aa\" data-element_type=\"widget\" data-widget_type=\"divider.default\">\n\t\t\t\t<div class=\"elementor-widget-container\">\n\t\t\t\t\t\t\t<div class=\"elementor-divider\">\n\t\t\t<span class=\"elementor-divider-separator\">\n\t\t\t\t\t\t<\/span>\n\t\t<\/div>\n\t\t\t\t\t\t<\/div>\n\t\t\t\t<\/div>\n\t\t\t\t<section class=\"elementor-section elementor-inner-section elementor-element elementor-element-a894aed elementor-section-full_width elementor-section-height-default elementor-section-height-default\" data-id=\"a894aed\" data-element_type=\"section\" data-settings=\"{&quot;jet_parallax_layout_list&quot;:[]}\">\n\t\t\t\t\t\t<div class=\"elementor-container elementor-column-gap-no\">\n\t\t\t\t\t<div class=\"elementor-column elementor-col-100 elementor-inner-column elementor-element elementor-element-8fceb01\" data-id=\"8fceb01\" data-element_type=\"column\">\n\t\t\t<div class=\"elementor-widget-wrap elementor-element-populated\">\n\t\t\t\t\t\t<div class=\"elementor-element elementor-element-9b3aa2f elementor-align-left elementor-mobile-align-center elementor-widget elementor-widget-button\" data-id=\"9b3aa2f\" data-element_type=\"widget\" data-widget_type=\"button.default\">\n\t\t\t\t<div class=\"elementor-widget-container\">\n\t\t\t\t\t\t\t\t\t<div class=\"elementor-button-wrapper\">\n\t\t\t\t\t<a class=\"elementor-button elementor-button-link elementor-size-sm\" href=\"https:\/\/www.routeyou.com\/fr-be\/route\/view\/130009\/itineraire-vtt\/vtt-heuvelland-boucle-bleu-vert-nieuwkerke\" target=\"_blank\" rel=\"nofollow\">\n\t\t\t\t\t\t<span class=\"elementor-button-content-wrapper\">\n\t\t\t\t\t\t<span class=\"elementor-button-icon\">\n\t\t\t\t<i aria-hidden=\"true\" class=\"fas fa-route\"><\/i>\t\t\t<\/span>\n\t\t\t\t\t\t\t\t\t<span class=\"elementor-button-text\">To the description<\/span>\n\t\t\t\t\t<\/span>\n\t\t\t\t\t<\/a>\n\t\t\t\t<\/div>\n\t\t\t\t\t\t\t\t<\/div>\n\t\t\t\t<\/div>\n\t\t\t\t\t<\/div>\n\t\t<\/div>\n\t\t\t\t\t<\/div>\n\t\t<\/section>\n\t\t\t\t\t<\/div>\n\t\t<\/div>\n\t\t\t\t\t<\/div>\n\t\t<\/section>\n\t\t\t\t<section class=\"elementor-section elementor-top-section elementor-element elementor-element-5b0fed2 elementor-section-boxed elementor-section-height-default elementor-section-height-default\" data-id=\"5b0fed2\" data-element_type=\"section\" data-settings=\"{&quot;background_background&quot;:&quot;classic&quot;,&quot;jet_parallax_layout_list&quot;:[{&quot;_id&quot;:&quot;5aba62&quot;,&quot;jet_parallax_layout_image&quot;:{&quot;url&quot;:&quot;&quot;,&quot;id&quot;:&quot;&quot;,&quot;size&quot;:&quot;&quot;},&quot;jet_parallax_layout_image_tablet&quot;:{&quot;url&quot;:&quot;&quot;,&quot;id&quot;:&quot;&quot;,&quot;size&quot;:&quot;&quot;},&quot;jet_parallax_layout_image_mobile&quot;:{&quot;url&quot;:&quot;&quot;,&quot;id&quot;:&quot;&quot;,&quot;size&quot;:&quot;&quot;},&quot;jet_parallax_layout_speed&quot;:{&quot;unit&quot;:&quot;%&quot;,&quot;size&quot;:50,&quot;sizes&quot;:[]},&quot;jet_parallax_layout_type&quot;:&quot;scroll&quot;,&quot;jet_parallax_layout_direction&quot;:null,&quot;jet_parallax_layout_fx_direction&quot;:null,&quot;jet_parallax_layout_z_index&quot;:&quot;&quot;,&quot;jet_parallax_layout_bg_x&quot;:50,&quot;jet_parallax_layout_bg_x_tablet&quot;:&quot;&quot;,&quot;jet_parallax_layout_bg_x_mobile&quot;:&quot;&quot;,&quot;jet_parallax_layout_bg_y&quot;:50,&quot;jet_parallax_layout_bg_y_tablet&quot;:&quot;&quot;,&quot;jet_parallax_layout_bg_y_mobile&quot;:&quot;&quot;,&quot;jet_parallax_layout_bg_size&quot;:&quot;auto&quot;,&quot;jet_parallax_layout_bg_size_tablet&quot;:&quot;&quot;,&quot;jet_parallax_layout_bg_size_mobile&quot;:&quot;&quot;,&quot;jet_parallax_layout_animation_prop&quot;:&quot;transform&quot;,&quot;jet_parallax_layout_on&quot;:[&quot;desktop&quot;,&quot;tablet&quot;]}]}\">\n\t\t\t\t\t\t<div class=\"elementor-container elementor-column-gap-default\">\n\t\t\t\t\t<div class=\"elementor-column elementor-col-50 elementor-top-column elementor-element elementor-element-472090e\" data-id=\"472090e\" data-element_type=\"column\" data-settings=\"{&quot;background_background&quot;:&quot;classic&quot;}\">\n\t\t\t<div class=\"elementor-widget-wrap elementor-element-populated\">\n\t\t\t\t\t\t<div class=\"elementor-element elementor-element-5987b3e elementor-widget elementor-widget-image\" data-id=\"5987b3e\" data-element_type=\"widget\" data-widget_type=\"image.default\">\n\t\t\t\t<div class=\"elementor-widget-container\">\n\t\t\t\t\t\t\t\t\t\t\t\t\t\t\t<img decoding=\"async\" width=\"400\" height=\"400\" src=\"https:\/\/visitcomines-warneton.be\/wp-content\/uploads\/2023\/10\/mini_Via_sacra-IMG00224-3.jpg\" class=\"attachment-large size-large wp-image-19849\" alt=\"Via Sacra panneaux\" srcset=\"https:\/\/visitcomines-warneton.be\/wp-content\/uploads\/2023\/10\/mini_Via_sacra-IMG00224-3.jpg 400w, https:\/\/visitcomines-warneton.be\/wp-content\/uploads\/2023\/10\/mini_Via_sacra-IMG00224-3-300x300.jpg 300w, https:\/\/visitcomines-warneton.be\/wp-content\/uploads\/2023\/10\/mini_Via_sacra-IMG00224-3-150x150.jpg 150w\" sizes=\"(max-width: 400px) 100vw, 400px\" \/>\t\t\t\t\t\t\t\t\t\t\t\t\t\t\t<\/div>\n\t\t\t\t<\/div>\n\t\t\t\t\t<\/div>\n\t\t<\/div>\n\t\t\t\t<div class=\"elementor-column elementor-col-50 elementor-top-column elementor-element elementor-element-fbd590c\" data-id=\"fbd590c\" data-element_type=\"column\" data-settings=\"{&quot;background_background&quot;:&quot;classic&quot;}\">\n\t\t\t<div class=\"elementor-widget-wrap elementor-element-populated\">\n\t\t\t\t\t\t<div class=\"elementor-element elementor-element-ab5a48f elementor-widget elementor-widget-heading\" data-id=\"ab5a48f\" data-element_type=\"widget\" data-widget_type=\"heading.default\">\n\t\t\t\t<div class=\"elementor-widget-container\">\n\t\t\t\t\t<h2 class=\"elementor-heading-title elementor-size-default\">Via Sacra 14-18<\/h2>\t\t\t\t<\/div>\n\t\t\t\t<\/div>\n\t\t\t\t<div class=\"elementor-element elementor-element-273911c elementor-widget-divider--view-line elementor-widget elementor-widget-divider\" data-id=\"273911c\" data-element_type=\"widget\" data-widget_type=\"divider.default\">\n\t\t\t\t<div class=\"elementor-widget-container\">\n\t\t\t\t\t\t\t<div class=\"elementor-divider\">\n\t\t\t<span class=\"elementor-divider-separator\">\n\t\t\t\t\t\t<\/span>\n\t\t<\/div>\n\t\t\t\t\t\t<\/div>\n\t\t\t\t<\/div>\n\t\t\t\t<div class=\"elementor-element elementor-element-ef44b65 elementor-widget elementor-widget-text-editor\" data-id=\"ef44b65\" data-element_type=\"widget\" data-widget_type=\"text-editor.default\">\n\t\t\t\t<div class=\"elementor-widget-container\">\n\t\t\t\t\t\t\t\t\t<p>Over 1,000 km of hiking<br \/>This route follows the Western front from the Belgian coast to the Swiss border.<br \/>An extraordinary challenge to discover many places of remembrance, including the Christmas Truce of 1914 in Ploegsteert.<\/p>\t\t\t\t\t\t\t\t<\/div>\n\t\t\t\t<\/div>\n\t\t\t\t<div class=\"elementor-element elementor-element-d9d9283 elementor-widget-divider--view-line elementor-widget elementor-widget-divider\" data-id=\"d9d9283\" data-element_type=\"widget\" data-widget_type=\"divider.default\">\n\t\t\t\t<div class=\"elementor-widget-container\">\n\t\t\t\t\t\t\t<div class=\"elementor-divider\">\n\t\t\t<span class=\"elementor-divider-separator\">\n\t\t\t\t\t\t<\/span>\n\t\t<\/div>\n\t\t\t\t\t\t<\/div>\n\t\t\t\t<\/div>\n\t\t\t\t<section class=\"elementor-section elementor-inner-section elementor-element elementor-element-6e9d5cb elementor-section-full_width elementor-section-height-default elementor-section-height-default\" data-id=\"6e9d5cb\" data-element_type=\"section\" data-settings=\"{&quot;jet_parallax_layout_list&quot;:[]}\">\n\t\t\t\t\t\t<div class=\"elementor-container elementor-column-gap-no\">\n\t\t\t\t\t<div class=\"elementor-column elementor-col-100 elementor-inner-column elementor-element elementor-element-9cadf85\" data-id=\"9cadf85\" data-element_type=\"column\">\n\t\t\t<div class=\"elementor-widget-wrap elementor-element-populated\">\n\t\t\t\t\t\t<div class=\"elementor-element elementor-element-08c925c elementor-align-left elementor-mobile-align-center elementor-widget elementor-widget-button\" data-id=\"08c925c\" data-element_type=\"widget\" data-widget_type=\"button.default\">\n\t\t\t\t<div class=\"elementor-widget-container\">\n\t\t\t\t\t\t\t\t\t<div class=\"elementor-button-wrapper\">\n\t\t\t\t\t<a class=\"elementor-button elementor-button-link elementor-size-sm\" href=\"https:\/\/www.toerismeieper.be\/westernfrontway\" target=\"_blank\" rel=\"nofollow\">\n\t\t\t\t\t\t<span class=\"elementor-button-content-wrapper\">\n\t\t\t\t\t\t<span class=\"elementor-button-icon\">\n\t\t\t\t<i aria-hidden=\"true\" class=\"fas fa-route\"><\/i>\t\t\t<\/span>\n\t\t\t\t\t\t\t\t\t<span class=\"elementor-button-text\">To the description<\/span>\n\t\t\t\t\t<\/span>\n\t\t\t\t\t<\/a>\n\t\t\t\t<\/div>\n\t\t\t\t\t\t\t\t<\/div>\n\t\t\t\t<\/div>\n\t\t\t\t\t<\/div>\n\t\t<\/div>\n\t\t\t\t\t<\/div>\n\t\t<\/section>\n\t\t\t\t\t<\/div>\n\t\t<\/div>\n\t\t\t\t\t<\/div>\n\t\t<\/section>\n\t\t\t\t<section class=\"elementor-section elementor-top-section elementor-element elementor-element-cd813a0 elementor-section-boxed elementor-section-height-default elementor-section-height-default\" data-id=\"cd813a0\" data-element_type=\"section\" data-settings=\"{&quot;background_background&quot;:&quot;classic&quot;,&quot;jet_parallax_layout_list&quot;:[{&quot;_id&quot;:&quot;5aba62&quot;,&quot;jet_parallax_layout_image&quot;:{&quot;url&quot;:&quot;&quot;,&quot;id&quot;:&quot;&quot;,&quot;size&quot;:&quot;&quot;},&quot;jet_parallax_layout_image_tablet&quot;:{&quot;url&quot;:&quot;&quot;,&quot;id&quot;:&quot;&quot;,&quot;size&quot;:&quot;&quot;},&quot;jet_parallax_layout_image_mobile&quot;:{&quot;url&quot;:&quot;&quot;,&quot;id&quot;:&quot;&quot;,&quot;size&quot;:&quot;&quot;},&quot;jet_parallax_layout_speed&quot;:{&quot;unit&quot;:&quot;%&quot;,&quot;size&quot;:50,&quot;sizes&quot;:[]},&quot;jet_parallax_layout_type&quot;:&quot;scroll&quot;,&quot;jet_parallax_layout_direction&quot;:null,&quot;jet_parallax_layout_fx_direction&quot;:null,&quot;jet_parallax_layout_z_index&quot;:&quot;&quot;,&quot;jet_parallax_layout_bg_x&quot;:50,&quot;jet_parallax_layout_bg_x_tablet&quot;:&quot;&quot;,&quot;jet_parallax_layout_bg_x_mobile&quot;:&quot;&quot;,&quot;jet_parallax_layout_bg_y&quot;:50,&quot;jet_parallax_layout_bg_y_tablet&quot;:&quot;&quot;,&quot;jet_parallax_layout_bg_y_mobile&quot;:&quot;&quot;,&quot;jet_parallax_layout_bg_size&quot;:&quot;auto&quot;,&quot;jet_parallax_layout_bg_size_tablet&quot;:&quot;&quot;,&quot;jet_parallax_layout_bg_size_mobile&quot;:&quot;&quot;,&quot;jet_parallax_layout_animation_prop&quot;:&quot;transform&quot;,&quot;jet_parallax_layout_on&quot;:[&quot;desktop&quot;,&quot;tablet&quot;]}]}\">\n\t\t\t\t\t\t<div class=\"elementor-container elementor-column-gap-default\">\n\t\t\t\t\t<div class=\"elementor-column elementor-col-50 elementor-top-column elementor-element elementor-element-356e15b\" data-id=\"356e15b\" data-element_type=\"column\" data-settings=\"{&quot;background_background&quot;:&quot;classic&quot;}\">\n\t\t\t<div class=\"elementor-widget-wrap elementor-element-populated\">\n\t\t\t\t\t\t<div class=\"elementor-element elementor-element-6a63726 elementor-widget elementor-widget-image\" data-id=\"6a63726\" data-element_type=\"widget\" data-widget_type=\"image.default\">\n\t\t\t\t<div class=\"elementor-widget-container\">\n\t\t\t\t\t\t\t\t\t\t\t\t\t\t\t<img loading=\"lazy\" decoding=\"async\" width=\"400\" height=\"400\" src=\"https:\/\/visitcomines-warneton.be\/wp-content\/uploads\/2023\/10\/mini_arbres_14-18.jpg\" class=\"attachment-large size-large wp-image-19837\" alt=\"Arbres 14-18 1914 1918\" srcset=\"https:\/\/visitcomines-warneton.be\/wp-content\/uploads\/2023\/10\/mini_arbres_14-18.jpg 400w, https:\/\/visitcomines-warneton.be\/wp-content\/uploads\/2023\/10\/mini_arbres_14-18-300x300.jpg 300w, https:\/\/visitcomines-warneton.be\/wp-content\/uploads\/2023\/10\/mini_arbres_14-18-150x150.jpg 150w\" sizes=\"(max-width: 400px) 100vw, 400px\" \/>\t\t\t\t\t\t\t\t\t\t\t\t\t\t\t<\/div>\n\t\t\t\t<\/div>\n\t\t\t\t\t<\/div>\n\t\t<\/div>\n\t\t\t\t<div class=\"elementor-column elementor-col-50 elementor-top-column elementor-element elementor-element-51fe371\" data-id=\"51fe371\" data-element_type=\"column\" data-settings=\"{&quot;background_background&quot;:&quot;classic&quot;}\">\n\t\t\t<div class=\"elementor-widget-wrap elementor-element-populated\">\n\t\t\t\t\t\t<div class=\"elementor-element elementor-element-1a00a48 elementor-widget elementor-widget-heading\" data-id=\"1a00a48\" data-element_type=\"widget\" data-widget_type=\"heading.default\">\n\t\t\t\t<div class=\"elementor-widget-container\">\n\t\t\t\t\t<h2 class=\"elementor-heading-title elementor-size-default\">14-18 Remembrance trees<\/h2>\t\t\t\t<\/div>\n\t\t\t\t<\/div>\n\t\t\t\t<div class=\"elementor-element elementor-element-53c3919 elementor-widget-divider--view-line elementor-widget elementor-widget-divider\" data-id=\"53c3919\" data-element_type=\"widget\" data-widget_type=\"divider.default\">\n\t\t\t\t<div class=\"elementor-widget-container\">\n\t\t\t\t\t\t\t<div class=\"elementor-divider\">\n\t\t\t<span class=\"elementor-divider-separator\">\n\t\t\t\t\t\t<\/span>\n\t\t<\/div>\n\t\t\t\t\t\t<\/div>\n\t\t\t\t<\/div>\n\t\t\t\t<div class=\"elementor-element elementor-element-7cc67b2 elementor-widget elementor-widget-text-editor\" data-id=\"7cc67b2\" data-element_type=\"widget\" data-widget_type=\"text-editor.default\">\n\t\t\t\t<div class=\"elementor-widget-container\">\n\t\t\t\t\t\t\t\t\t<p>A surprising materialisation of the Ypres Salient.<br \/>Surrounded by a metal structure of a different colour, rows of trees mark the German and Allied trench lines respectively.<br \/>Information panels commemorate the often tragic events associated with their location.<\/p>\t\t\t\t\t\t\t\t<\/div>\n\t\t\t\t<\/div>\n\t\t\t\t<div class=\"elementor-element elementor-element-7a89edd elementor-widget-divider--view-line elementor-widget elementor-widget-divider\" data-id=\"7a89edd\" data-element_type=\"widget\" data-widget_type=\"divider.default\">\n\t\t\t\t<div class=\"elementor-widget-container\">\n\t\t\t\t\t\t\t<div class=\"elementor-divider\">\n\t\t\t<span class=\"elementor-divider-separator\">\n\t\t\t\t\t\t<\/span>\n\t\t<\/div>\n\t\t\t\t\t\t<\/div>\n\t\t\t\t<\/div>\n\t\t\t\t<section class=\"elementor-section elementor-inner-section elementor-element elementor-element-dbba5e2 elementor-section-full_width elementor-section-height-default elementor-section-height-default\" data-id=\"dbba5e2\" data-element_type=\"section\" data-settings=\"{&quot;jet_parallax_layout_list&quot;:[]}\">\n\t\t\t\t\t\t<div class=\"elementor-container elementor-column-gap-no\">\n\t\t\t\t\t<div class=\"elementor-column elementor-col-100 elementor-inner-column elementor-element elementor-element-30aca42\" data-id=\"30aca42\" data-element_type=\"column\">\n\t\t\t<div class=\"elementor-widget-wrap elementor-element-populated\">\n\t\t\t\t\t\t<div class=\"elementor-element elementor-element-685faf9 elementor-align-left elementor-mobile-align-center elementor-widget elementor-widget-button\" data-id=\"685faf9\" data-element_type=\"widget\" data-widget_type=\"button.default\">\n\t\t\t\t<div class=\"elementor-widget-container\">\n\t\t\t\t\t\t\t\t\t<div class=\"elementor-button-wrapper\">\n\t\t\t\t\t<a class=\"elementor-button elementor-button-link elementor-size-sm\" href=\"https:\/\/www.inflandersfields.be\/fr\/musee-in-flanders-fields\/museum-in-het-landschap-f\" target=\"_blank\" rel=\"nofollow\">\n\t\t\t\t\t\t<span class=\"elementor-button-content-wrapper\">\n\t\t\t\t\t\t<span class=\"elementor-button-icon\">\n\t\t\t\t<i aria-hidden=\"true\" class=\"fas fa-route\"><\/i>\t\t\t<\/span>\n\t\t\t\t\t\t\t\t\t<span class=\"elementor-button-text\">To the description<\/span>\n\t\t\t\t\t<\/span>\n\t\t\t\t\t<\/a>\n\t\t\t\t<\/div>\n\t\t\t\t\t\t\t\t<\/div>\n\t\t\t\t<\/div>\n\t\t\t\t\t<\/div>\n\t\t<\/div>\n\t\t\t\t\t<\/div>\n\t\t<\/section>\n\t\t\t\t\t<\/div>\n\t\t<\/div>\n\t\t\t\t\t<\/div>\n\t\t<\/section>\n\t\t\t\t<section class=\"elementor-section elementor-top-section elementor-element elementor-element-30f7d79 elementor-section-boxed elementor-section-height-default elementor-section-height-default\" data-id=\"30f7d79\" data-element_type=\"section\" data-settings=\"{&quot;background_background&quot;:&quot;classic&quot;,&quot;jet_parallax_layout_list&quot;:[{&quot;_id&quot;:&quot;5aba62&quot;,&quot;jet_parallax_layout_image&quot;:{&quot;url&quot;:&quot;&quot;,&quot;id&quot;:&quot;&quot;,&quot;size&quot;:&quot;&quot;},&quot;jet_parallax_layout_image_tablet&quot;:{&quot;url&quot;:&quot;&quot;,&quot;id&quot;:&quot;&quot;,&quot;size&quot;:&quot;&quot;},&quot;jet_parallax_layout_image_mobile&quot;:{&quot;url&quot;:&quot;&quot;,&quot;id&quot;:&quot;&quot;,&quot;size&quot;:&quot;&quot;},&quot;jet_parallax_layout_speed&quot;:{&quot;unit&quot;:&quot;%&quot;,&quot;size&quot;:50,&quot;sizes&quot;:[]},&quot;jet_parallax_layout_type&quot;:&quot;scroll&quot;,&quot;jet_parallax_layout_direction&quot;:null,&quot;jet_parallax_layout_fx_direction&quot;:null,&quot;jet_parallax_layout_z_index&quot;:&quot;&quot;,&quot;jet_parallax_layout_bg_x&quot;:50,&quot;jet_parallax_layout_bg_x_tablet&quot;:&quot;&quot;,&quot;jet_parallax_layout_bg_x_mobile&quot;:&quot;&quot;,&quot;jet_parallax_layout_bg_y&quot;:50,&quot;jet_parallax_layout_bg_y_tablet&quot;:&quot;&quot;,&quot;jet_parallax_layout_bg_y_mobile&quot;:&quot;&quot;,&quot;jet_parallax_layout_bg_size&quot;:&quot;auto&quot;,&quot;jet_parallax_layout_bg_size_tablet&quot;:&quot;&quot;,&quot;jet_parallax_layout_bg_size_mobile&quot;:&quot;&quot;,&quot;jet_parallax_layout_animation_prop&quot;:&quot;transform&quot;,&quot;jet_parallax_layout_on&quot;:[&quot;desktop&quot;,&quot;tablet&quot;]}]}\">\n\t\t\t\t\t\t<div class=\"elementor-container elementor-column-gap-default\">\n\t\t\t\t\t<div class=\"elementor-column elementor-col-50 elementor-top-column elementor-element elementor-element-6502bed\" data-id=\"6502bed\" data-element_type=\"column\" data-settings=\"{&quot;background_background&quot;:&quot;classic&quot;}\">\n\t\t\t<div class=\"elementor-widget-wrap elementor-element-populated\">\n\t\t\t\t\t\t<div class=\"elementor-element elementor-element-7e697b4 elementor-widget elementor-widget-image\" data-id=\"7e697b4\" data-element_type=\"widget\" data-widget_type=\"image.default\">\n\t\t\t\t<div class=\"elementor-widget-container\">\n\t\t\t\t\t\t\t\t\t\t\t\t\t\t\t<img loading=\"lazy\" decoding=\"async\" width=\"400\" height=\"400\" src=\"https:\/\/visitcomines-warneton.be\/wp-content\/uploads\/2023\/09\/mini_via_yprensis.jpg\" class=\"attachment-large size-large wp-image-19850\" alt=\"Via Yprensis route Comines\" srcset=\"https:\/\/visitcomines-warneton.be\/wp-content\/uploads\/2023\/09\/mini_via_yprensis.jpg 400w, https:\/\/visitcomines-warneton.be\/wp-content\/uploads\/2023\/09\/mini_via_yprensis-300x300.jpg 300w, https:\/\/visitcomines-warneton.be\/wp-content\/uploads\/2023\/09\/mini_via_yprensis-150x150.jpg 150w\" sizes=\"(max-width: 400px) 100vw, 400px\" \/>\t\t\t\t\t\t\t\t\t\t\t\t\t\t\t<\/div>\n\t\t\t\t<\/div>\n\t\t\t\t\t<\/div>\n\t\t<\/div>\n\t\t\t\t<div class=\"elementor-column elementor-col-50 elementor-top-column elementor-element elementor-element-b0ea61d\" data-id=\"b0ea61d\" data-element_type=\"column\" data-settings=\"{&quot;background_background&quot;:&quot;classic&quot;}\">\n\t\t\t<div class=\"elementor-widget-wrap elementor-element-populated\">\n\t\t\t\t\t\t<div class=\"elementor-element elementor-element-d514087 elementor-widget elementor-widget-heading\" data-id=\"d514087\" data-element_type=\"widget\" data-widget_type=\"heading.default\">\n\t\t\t\t<div class=\"elementor-widget-container\">\n\t\t\t\t\t<h2 class=\"elementor-heading-title elementor-size-default\">Via Yprensis<\/h2>\t\t\t\t<\/div>\n\t\t\t\t<\/div>\n\t\t\t\t<div class=\"elementor-element elementor-element-d2382bf elementor-widget-divider--view-line elementor-widget elementor-widget-divider\" data-id=\"d2382bf\" data-element_type=\"widget\" data-widget_type=\"divider.default\">\n\t\t\t\t<div class=\"elementor-widget-container\">\n\t\t\t\t\t\t\t<div class=\"elementor-divider\">\n\t\t\t<span class=\"elementor-divider-separator\">\n\t\t\t\t\t\t<\/span>\n\t\t<\/div>\n\t\t\t\t\t\t<\/div>\n\t\t\t\t<\/div>\n\t\t\t\t<div class=\"elementor-element elementor-element-42165fb elementor-widget elementor-widget-text-editor\" data-id=\"42165fb\" data-element_type=\"widget\" data-widget_type=\"text-editor.default\">\n\t\t\t\t<div class=\"elementor-widget-container\">\n\t\t\t\t\t\t\t\t\t<p>A brand new route from Flanders to France along the Way of St James.<br \/>70 km have been added to the route in Belgium. From Nieuwpoort to Menin via Comines-Warneton, this new route passes numerous historical, cultural and religious sites before joining the Via Brugensis and &#8230; Santiago de Compostela.<\/p>\t\t\t\t\t\t\t\t<\/div>\n\t\t\t\t<\/div>\n\t\t\t\t<div class=\"elementor-element elementor-element-7312c31 elementor-widget-divider--view-line elementor-widget elementor-widget-divider\" data-id=\"7312c31\" data-element_type=\"widget\" data-widget_type=\"divider.default\">\n\t\t\t\t<div class=\"elementor-widget-container\">\n\t\t\t\t\t\t\t<div class=\"elementor-divider\">\n\t\t\t<span class=\"elementor-divider-separator\">\n\t\t\t\t\t\t<\/span>\n\t\t<\/div>\n\t\t\t\t\t\t<\/div>\n\t\t\t\t<\/div>\n\t\t\t\t<section class=\"elementor-section elementor-inner-section elementor-element elementor-element-524c5ec elementor-section-full_width elementor-section-height-default elementor-section-height-default\" data-id=\"524c5ec\" data-element_type=\"section\" data-settings=\"{&quot;jet_parallax_layout_list&quot;:[]}\">\n\t\t\t\t\t\t<div class=\"elementor-container elementor-column-gap-no\">\n\t\t\t\t\t<div class=\"elementor-column elementor-col-100 elementor-inner-column elementor-element elementor-element-70d8859\" data-id=\"70d8859\" data-element_type=\"column\">\n\t\t\t<div class=\"elementor-widget-wrap elementor-element-populated\">\n\t\t\t\t\t\t<div class=\"elementor-element elementor-element-b762f21 elementor-align-left elementor-mobile-align-center elementor-widget elementor-widget-button\" data-id=\"b762f21\" data-element_type=\"widget\" data-widget_type=\"button.default\">\n\t\t\t\t<div class=\"elementor-widget-container\">\n\t\t\t\t\t\t\t\t\t<div class=\"elementor-button-wrapper\">\n\t\t\t\t\t<a class=\"elementor-button elementor-button-link elementor-size-sm\" href=\"https:\/\/www.routeyou.com\/fr-be\/route\/view\/12789302\/itineraire-de-randonnee\/compostelle-via-yprensis\" target=\"_blank\" rel=\"nofollow\">\n\t\t\t\t\t\t<span class=\"elementor-button-content-wrapper\">\n\t\t\t\t\t\t<span class=\"elementor-button-icon\">\n\t\t\t\t<i aria-hidden=\"true\" class=\"fas fa-route\"><\/i>\t\t\t<\/span>\n\t\t\t\t\t\t\t\t\t<span class=\"elementor-button-text\">To the description<\/span>\n\t\t\t\t\t<\/span>\n\t\t\t\t\t<\/a>\n\t\t\t\t<\/div>\n\t\t\t\t\t\t\t\t<\/div>\n\t\t\t\t<\/div>\n\t\t\t\t\t<\/div>\n\t\t<\/div>\n\t\t\t\t\t<\/div>\n\t\t<\/section>\n\t\t\t\t\t<\/div>\n\t\t<\/div>\n\t\t\t\t\t<\/div>\n\t\t<\/section>\n\t\t\t\t<section class=\"elementor-section elementor-top-section elementor-element elementor-element-6b320c9 elementor-section-boxed elementor-section-height-default elementor-section-height-default\" data-id=\"6b320c9\" data-element_type=\"section\" data-settings=\"{&quot;background_background&quot;:&quot;classic&quot;,&quot;jet_parallax_layout_list&quot;:[{&quot;_id&quot;:&quot;5aba62&quot;,&quot;jet_parallax_layout_image&quot;:{&quot;url&quot;:&quot;&quot;,&quot;id&quot;:&quot;&quot;,&quot;size&quot;:&quot;&quot;},&quot;jet_parallax_layout_image_tablet&quot;:{&quot;url&quot;:&quot;&quot;,&quot;id&quot;:&quot;&quot;,&quot;size&quot;:&quot;&quot;},&quot;jet_parallax_layout_image_mobile&quot;:{&quot;url&quot;:&quot;&quot;,&quot;id&quot;:&quot;&quot;,&quot;size&quot;:&quot;&quot;},&quot;jet_parallax_layout_speed&quot;:{&quot;unit&quot;:&quot;%&quot;,&quot;size&quot;:50,&quot;sizes&quot;:[]},&quot;jet_parallax_layout_type&quot;:&quot;scroll&quot;,&quot;jet_parallax_layout_direction&quot;:null,&quot;jet_parallax_layout_fx_direction&quot;:null,&quot;jet_parallax_layout_z_index&quot;:&quot;&quot;,&quot;jet_parallax_layout_bg_x&quot;:50,&quot;jet_parallax_layout_bg_x_tablet&quot;:&quot;&quot;,&quot;jet_parallax_layout_bg_x_mobile&quot;:&quot;&quot;,&quot;jet_parallax_layout_bg_y&quot;:50,&quot;jet_parallax_layout_bg_y_tablet&quot;:&quot;&quot;,&quot;jet_parallax_layout_bg_y_mobile&quot;:&quot;&quot;,&quot;jet_parallax_layout_bg_size&quot;:&quot;auto&quot;,&quot;jet_parallax_layout_bg_size_tablet&quot;:&quot;&quot;,&quot;jet_parallax_layout_bg_size_mobile&quot;:&quot;&quot;,&quot;jet_parallax_layout_animation_prop&quot;:&quot;transform&quot;,&quot;jet_parallax_layout_on&quot;:[&quot;desktop&quot;,&quot;tablet&quot;]}]}\">\n\t\t\t\t\t\t<div class=\"elementor-container elementor-column-gap-default\">\n\t\t\t\t\t<div class=\"elementor-column elementor-col-50 elementor-top-column elementor-element elementor-element-1927513\" data-id=\"1927513\" data-element_type=\"column\" data-settings=\"{&quot;background_background&quot;:&quot;classic&quot;}\">\n\t\t\t<div class=\"elementor-widget-wrap elementor-element-populated\">\n\t\t\t\t\t\t<div class=\"elementor-element elementor-element-42f62e0 elementor-widget elementor-widget-image\" data-id=\"42f62e0\" data-element_type=\"widget\" data-widget_type=\"image.default\">\n\t\t\t\t<div class=\"elementor-widget-container\">\n\t\t\t\t\t\t\t\t\t\t\t\t\t\t\t<img loading=\"lazy\" decoding=\"async\" width=\"400\" height=\"400\" src=\"https:\/\/visitcomines-warneton.be\/wp-content\/uploads\/2023\/10\/mini_carre_bleu_IMG_4861-2.jpg\" class=\"attachment-large size-large wp-image-19851\" alt=\"carre bleu panneau\" srcset=\"https:\/\/visitcomines-warneton.be\/wp-content\/uploads\/2023\/10\/mini_carre_bleu_IMG_4861-2.jpg 400w, https:\/\/visitcomines-warneton.be\/wp-content\/uploads\/2023\/10\/mini_carre_bleu_IMG_4861-2-300x300.jpg 300w, https:\/\/visitcomines-warneton.be\/wp-content\/uploads\/2023\/10\/mini_carre_bleu_IMG_4861-2-150x150.jpg 150w\" sizes=\"(max-width: 400px) 100vw, 400px\" \/>\t\t\t\t\t\t\t\t\t\t\t\t\t\t\t<\/div>\n\t\t\t\t<\/div>\n\t\t\t\t\t<\/div>\n\t\t<\/div>\n\t\t\t\t<div class=\"elementor-column elementor-col-50 elementor-top-column elementor-element elementor-element-87c52f1\" data-id=\"87c52f1\" data-element_type=\"column\" data-settings=\"{&quot;background_background&quot;:&quot;classic&quot;}\">\n\t\t\t<div class=\"elementor-widget-wrap elementor-element-populated\">\n\t\t\t\t\t\t<div class=\"elementor-element elementor-element-408067c elementor-widget elementor-widget-heading\" data-id=\"408067c\" data-element_type=\"widget\" data-widget_type=\"heading.default\">\n\t\t\t\t<div class=\"elementor-widget-container\">\n\t\t\t\t\t<h2 class=\"elementor-heading-title elementor-size-default\">Blue Square<\/h2>\t\t\t\t<\/div>\n\t\t\t\t<\/div>\n\t\t\t\t<div class=\"elementor-element elementor-element-c7de61d elementor-widget-divider--view-line elementor-widget elementor-widget-divider\" data-id=\"c7de61d\" data-element_type=\"widget\" data-widget_type=\"divider.default\">\n\t\t\t\t<div class=\"elementor-widget-container\">\n\t\t\t\t\t\t\t<div class=\"elementor-divider\">\n\t\t\t<span class=\"elementor-divider-separator\">\n\t\t\t\t\t\t<\/span>\n\t\t<\/div>\n\t\t\t\t\t\t<\/div>\n\t\t\t\t<\/div>\n\t\t\t\t<div class=\"elementor-element elementor-element-642c500 elementor-widget elementor-widget-text-editor\" data-id=\"642c500\" data-element_type=\"widget\" data-widget_type=\"text-editor.default\">\n\t\t\t\t<div class=\"elementor-widget-container\">\n\t\t\t\t\t\t\t\t\t<p>A 90 km circuit connecting the Lille-Kortrijk-Tournai Eurom\u00e9tropole exclusively along waterways: De\u00fble, Lys and Scheldt rivers and their canals from Roubaix, Espierres and Kortrijk to Bossuyt.<br \/>A wonderful opportunity to explore a cross-border region and admire Warneton\u2019s Cathedral of the Lys standing majestically on the backdrop of the blue sky.<\/p>\t\t\t\t\t\t\t\t<\/div>\n\t\t\t\t<\/div>\n\t\t\t\t<div class=\"elementor-element elementor-element-66ceaed elementor-widget-divider--view-line elementor-widget elementor-widget-divider\" data-id=\"66ceaed\" data-element_type=\"widget\" data-widget_type=\"divider.default\">\n\t\t\t\t<div class=\"elementor-widget-container\">\n\t\t\t\t\t\t\t<div class=\"elementor-divider\">\n\t\t\t<span class=\"elementor-divider-separator\">\n\t\t\t\t\t\t<\/span>\n\t\t<\/div>\n\t\t\t\t\t\t<\/div>\n\t\t\t\t<\/div>\n\t\t\t\t<section class=\"elementor-section elementor-inner-section elementor-element elementor-element-edfd93b elementor-section-full_width elementor-section-height-default elementor-section-height-default\" data-id=\"edfd93b\" data-element_type=\"section\" data-settings=\"{&quot;jet_parallax_layout_list&quot;:[]}\">\n\t\t\t\t\t\t<div class=\"elementor-container elementor-column-gap-no\">\n\t\t\t\t\t<div class=\"elementor-column elementor-col-100 elementor-inner-column elementor-element elementor-element-414e1f1\" data-id=\"414e1f1\" data-element_type=\"column\">\n\t\t\t<div class=\"elementor-widget-wrap elementor-element-populated\">\n\t\t\t\t\t\t<div class=\"elementor-element elementor-element-fa27348 elementor-align-left elementor-mobile-align-center elementor-widget elementor-widget-button\" data-id=\"fa27348\" data-element_type=\"widget\" data-widget_type=\"button.default\">\n\t\t\t\t<div class=\"elementor-widget-container\">\n\t\t\t\t\t\t\t\t\t<div class=\"elementor-button-wrapper\">\n\t\t\t\t\t<a class=\"elementor-button elementor-button-link elementor-size-sm\" href=\"https:\/\/www.espacebleu.eu\/carrebleu\" target=\"_blank\" rel=\"nofollow\">\n\t\t\t\t\t\t<span class=\"elementor-button-content-wrapper\">\n\t\t\t\t\t\t<span class=\"elementor-button-icon\">\n\t\t\t\t<i aria-hidden=\"true\" class=\"fas fa-route\"><\/i>\t\t\t<\/span>\n\t\t\t\t\t\t\t\t\t<span class=\"elementor-button-text\">To the description<\/span>\n\t\t\t\t\t<\/span>\n\t\t\t\t\t<\/a>\n\t\t\t\t<\/div>\n\t\t\t\t\t\t\t\t<\/div>\n\t\t\t\t<\/div>\n\t\t\t\t\t<\/div>\n\t\t<\/div>\n\t\t\t\t\t<\/div>\n\t\t<\/section>\n\t\t\t\t\t<\/div>\n\t\t<\/div>\n\t\t\t\t\t<\/div>\n\t\t<\/section>\n\t\t\t\t<section class=\"elementor-section elementor-top-section elementor-element elementor-element-3670bf1 elementor-section-boxed elementor-section-height-default elementor-section-height-default\" data-id=\"3670bf1\" data-element_type=\"section\" data-settings=\"{&quot;background_background&quot;:&quot;classic&quot;,&quot;jet_parallax_layout_list&quot;:[{&quot;_id&quot;:&quot;5aba62&quot;,&quot;jet_parallax_layout_image&quot;:{&quot;url&quot;:&quot;&quot;,&quot;id&quot;:&quot;&quot;,&quot;size&quot;:&quot;&quot;},&quot;jet_parallax_layout_image_tablet&quot;:{&quot;url&quot;:&quot;&quot;,&quot;id&quot;:&quot;&quot;,&quot;size&quot;:&quot;&quot;},&quot;jet_parallax_layout_image_mobile&quot;:{&quot;url&quot;:&quot;&quot;,&quot;id&quot;:&quot;&quot;,&quot;size&quot;:&quot;&quot;},&quot;jet_parallax_layout_speed&quot;:{&quot;unit&quot;:&quot;%&quot;,&quot;size&quot;:50,&quot;sizes&quot;:[]},&quot;jet_parallax_layout_type&quot;:&quot;scroll&quot;,&quot;jet_parallax_layout_direction&quot;:null,&quot;jet_parallax_layout_fx_direction&quot;:null,&quot;jet_parallax_layout_z_index&quot;:&quot;&quot;,&quot;jet_parallax_layout_bg_x&quot;:50,&quot;jet_parallax_layout_bg_x_tablet&quot;:&quot;&quot;,&quot;jet_parallax_layout_bg_x_mobile&quot;:&quot;&quot;,&quot;jet_parallax_layout_bg_y&quot;:50,&quot;jet_parallax_layout_bg_y_tablet&quot;:&quot;&quot;,&quot;jet_parallax_layout_bg_y_mobile&quot;:&quot;&quot;,&quot;jet_parallax_layout_bg_size&quot;:&quot;auto&quot;,&quot;jet_parallax_layout_bg_size_tablet&quot;:&quot;&quot;,&quot;jet_parallax_layout_bg_size_mobile&quot;:&quot;&quot;,&quot;jet_parallax_layout_animation_prop&quot;:&quot;transform&quot;,&quot;jet_parallax_layout_on&quot;:[&quot;desktop&quot;,&quot;tablet&quot;]}]}\">\n\t\t\t\t\t\t<div class=\"elementor-container elementor-column-gap-default\">\n\t\t\t\t\t<div class=\"elementor-column elementor-col-50 elementor-top-column elementor-element elementor-element-82fed25\" data-id=\"82fed25\" data-element_type=\"column\" data-settings=\"{&quot;background_background&quot;:&quot;classic&quot;}\">\n\t\t\t<div class=\"elementor-widget-wrap elementor-element-populated\">\n\t\t\t\t\t\t<div class=\"elementor-element elementor-element-c601992 elementor-widget elementor-widget-image\" data-id=\"c601992\" data-element_type=\"widget\" data-widget_type=\"image.default\">\n\t\t\t\t<div class=\"elementor-widget-container\">\n\t\t\t\t\t\t\t\t\t\t\t\t\t\t\t<img loading=\"lazy\" decoding=\"async\" width=\"400\" height=\"400\" src=\"https:\/\/visitcomines-warneton.be\/wp-content\/uploads\/2023\/09\/mini_grensleie_IMG_5392.jpg\" class=\"attachment-large size-large wp-image-19852\" alt=\"Grensleie\" srcset=\"https:\/\/visitcomines-warneton.be\/wp-content\/uploads\/2023\/09\/mini_grensleie_IMG_5392.jpg 400w, https:\/\/visitcomines-warneton.be\/wp-content\/uploads\/2023\/09\/mini_grensleie_IMG_5392-300x300.jpg 300w, https:\/\/visitcomines-warneton.be\/wp-content\/uploads\/2023\/09\/mini_grensleie_IMG_5392-150x150.jpg 150w\" sizes=\"(max-width: 400px) 100vw, 400px\" \/>\t\t\t\t\t\t\t\t\t\t\t\t\t\t\t<\/div>\n\t\t\t\t<\/div>\n\t\t\t\t\t<\/div>\n\t\t<\/div>\n\t\t\t\t<div class=\"elementor-column elementor-col-50 elementor-top-column elementor-element elementor-element-9ce4381\" data-id=\"9ce4381\" data-element_type=\"column\" data-settings=\"{&quot;background_background&quot;:&quot;classic&quot;}\">\n\t\t\t<div class=\"elementor-widget-wrap elementor-element-populated\">\n\t\t\t\t\t\t<div class=\"elementor-element elementor-element-2ef0e1b elementor-widget elementor-widget-heading\" data-id=\"2ef0e1b\" data-element_type=\"widget\" data-widget_type=\"heading.default\">\n\t\t\t\t<div class=\"elementor-widget-container\">\n\t\t\t\t\t<h2 class=\"elementor-heading-title elementor-size-default\">Grensleie<\/h2>\t\t\t\t<\/div>\n\t\t\t\t<\/div>\n\t\t\t\t<div class=\"elementor-element elementor-element-a390528 elementor-widget-divider--view-line elementor-widget elementor-widget-divider\" data-id=\"a390528\" data-element_type=\"widget\" data-widget_type=\"divider.default\">\n\t\t\t\t<div class=\"elementor-widget-container\">\n\t\t\t\t\t\t\t<div class=\"elementor-divider\">\n\t\t\t<span class=\"elementor-divider-separator\">\n\t\t\t\t\t\t<\/span>\n\t\t<\/div>\n\t\t\t\t\t\t<\/div>\n\t\t\t\t<\/div>\n\t\t\t\t<div class=\"elementor-element elementor-element-562f54b elementor-widget elementor-widget-text-editor\" data-id=\"562f54b\" data-element_type=\"widget\" data-widget_type=\"text-editor.default\">\n\t\t\t\t<div class=\"elementor-widget-container\">\n\t\t\t\t\t\t\t\t\t<p>A 58 km ride to discover all the charm of the banks of the Lys and a welcoming region.<br \/>To discover varied landscapes and attractive border towns such as Comines-Warneton and their tourist sites.<\/p>\t\t\t\t\t\t\t\t<\/div>\n\t\t\t\t<\/div>\n\t\t\t\t<div class=\"elementor-element elementor-element-1af8f80 elementor-widget-divider--view-line elementor-widget elementor-widget-divider\" data-id=\"1af8f80\" data-element_type=\"widget\" data-widget_type=\"divider.default\">\n\t\t\t\t<div class=\"elementor-widget-container\">\n\t\t\t\t\t\t\t<div class=\"elementor-divider\">\n\t\t\t<span class=\"elementor-divider-separator\">\n\t\t\t\t\t\t<\/span>\n\t\t<\/div>\n\t\t\t\t\t\t<\/div>\n\t\t\t\t<\/div>\n\t\t\t\t<section class=\"elementor-section elementor-inner-section elementor-element elementor-element-1bc6cd8 elementor-section-full_width elementor-section-height-default elementor-section-height-default\" data-id=\"1bc6cd8\" data-element_type=\"section\" data-settings=\"{&quot;jet_parallax_layout_list&quot;:[]}\">\n\t\t\t\t\t\t<div class=\"elementor-container elementor-column-gap-no\">\n\t\t\t\t\t<div class=\"elementor-column elementor-col-100 elementor-inner-column elementor-element elementor-element-f4a32a5\" data-id=\"f4a32a5\" data-element_type=\"column\">\n\t\t\t<div class=\"elementor-widget-wrap elementor-element-populated\">\n\t\t\t\t\t\t<div class=\"elementor-element elementor-element-21fd848 elementor-align-left elementor-mobile-align-center elementor-widget elementor-widget-button\" data-id=\"21fd848\" data-element_type=\"widget\" data-widget_type=\"button.default\">\n\t\t\t\t<div class=\"elementor-widget-container\">\n\t\t\t\t\t\t\t\t\t<div class=\"elementor-button-wrapper\">\n\t\t\t\t\t<a class=\"elementor-button elementor-button-link elementor-size-sm\" href=\"https:\/\/www.visitwestvlaanderen.be\/fr\/itineraire-cyclable-du-grensleie\" target=\"_blank\" rel=\"nofollow\">\n\t\t\t\t\t\t<span class=\"elementor-button-content-wrapper\">\n\t\t\t\t\t\t<span class=\"elementor-button-icon\">\n\t\t\t\t<i aria-hidden=\"true\" class=\"fas fa-route\"><\/i>\t\t\t<\/span>\n\t\t\t\t\t\t\t\t\t<span class=\"elementor-button-text\">To the description<\/span>\n\t\t\t\t\t<\/span>\n\t\t\t\t\t<\/a>\n\t\t\t\t<\/div>\n\t\t\t\t\t\t\t\t<\/div>\n\t\t\t\t<\/div>\n\t\t\t\t\t<\/div>\n\t\t<\/div>\n\t\t\t\t\t<\/div>\n\t\t<\/section>\n\t\t\t\t\t<\/div>\n\t\t<\/div>\n\t\t\t\t\t<\/div>\n\t\t<\/section>\n\t\t\t\t<section class=\"elementor-section elementor-top-section elementor-element elementor-element-43d6aa9 elementor-section-boxed elementor-section-height-default elementor-section-height-default\" data-id=\"43d6aa9\" data-element_type=\"section\" data-settings=\"{&quot;background_background&quot;:&quot;classic&quot;,&quot;jet_parallax_layout_list&quot;:[{&quot;_id&quot;:&quot;5aba62&quot;,&quot;jet_parallax_layout_image&quot;:{&quot;url&quot;:&quot;&quot;,&quot;id&quot;:&quot;&quot;,&quot;size&quot;:&quot;&quot;},&quot;jet_parallax_layout_image_tablet&quot;:{&quot;url&quot;:&quot;&quot;,&quot;id&quot;:&quot;&quot;,&quot;size&quot;:&quot;&quot;},&quot;jet_parallax_layout_image_mobile&quot;:{&quot;url&quot;:&quot;&quot;,&quot;id&quot;:&quot;&quot;,&quot;size&quot;:&quot;&quot;},&quot;jet_parallax_layout_speed&quot;:{&quot;unit&quot;:&quot;%&quot;,&quot;size&quot;:50,&quot;sizes&quot;:[]},&quot;jet_parallax_layout_type&quot;:&quot;scroll&quot;,&quot;jet_parallax_layout_direction&quot;:null,&quot;jet_parallax_layout_fx_direction&quot;:null,&quot;jet_parallax_layout_z_index&quot;:&quot;&quot;,&quot;jet_parallax_layout_bg_x&quot;:50,&quot;jet_parallax_layout_bg_x_tablet&quot;:&quot;&quot;,&quot;jet_parallax_layout_bg_x_mobile&quot;:&quot;&quot;,&quot;jet_parallax_layout_bg_y&quot;:50,&quot;jet_parallax_layout_bg_y_tablet&quot;:&quot;&quot;,&quot;jet_parallax_layout_bg_y_mobile&quot;:&quot;&quot;,&quot;jet_parallax_layout_bg_size&quot;:&quot;auto&quot;,&quot;jet_parallax_layout_bg_size_tablet&quot;:&quot;&quot;,&quot;jet_parallax_layout_bg_size_mobile&quot;:&quot;&quot;,&quot;jet_parallax_layout_animation_prop&quot;:&quot;transform&quot;,&quot;jet_parallax_layout_on&quot;:[&quot;desktop&quot;,&quot;tablet&quot;]}]}\">\n\t\t\t\t\t\t<div class=\"elementor-container elementor-column-gap-default\">\n\t\t\t\t\t<div class=\"elementor-column elementor-col-50 elementor-top-column elementor-element elementor-element-82f3ae5\" data-id=\"82f3ae5\" data-element_type=\"column\" data-settings=\"{&quot;background_background&quot;:&quot;classic&quot;}\">\n\t\t\t<div class=\"elementor-widget-wrap elementor-element-populated\">\n\t\t\t\t\t\t<div class=\"elementor-element elementor-element-066a4a8 elementor-widget elementor-widget-image\" data-id=\"066a4a8\" data-element_type=\"widget\" data-widget_type=\"image.default\">\n\t\t\t\t<div class=\"elementor-widget-container\">\n\t\t\t\t\t\t\t\t\t\t\t\t\t\t\t<img loading=\"lazy\" decoding=\"async\" width=\"400\" height=\"400\" src=\"https:\/\/visitcomines-warneton.be\/wp-content\/uploads\/2023\/12\/Veloroute-du-nord-V32-IMG_4336-mini.jpg\" class=\"attachment-large size-large wp-image-19853\" alt=\"V\u00e9loroute du nord V32\" srcset=\"https:\/\/visitcomines-warneton.be\/wp-content\/uploads\/2023\/12\/Veloroute-du-nord-V32-IMG_4336-mini.jpg 400w, https:\/\/visitcomines-warneton.be\/wp-content\/uploads\/2023\/12\/Veloroute-du-nord-V32-IMG_4336-mini-300x300.jpg 300w, https:\/\/visitcomines-warneton.be\/wp-content\/uploads\/2023\/12\/Veloroute-du-nord-V32-IMG_4336-mini-150x150.jpg 150w\" sizes=\"(max-width: 400px) 100vw, 400px\" \/>\t\t\t\t\t\t\t\t\t\t\t\t\t\t\t<\/div>\n\t\t\t\t<\/div>\n\t\t\t\t\t<\/div>\n\t\t<\/div>\n\t\t\t\t<div class=\"elementor-column elementor-col-50 elementor-top-column elementor-element elementor-element-6821303\" data-id=\"6821303\" data-element_type=\"column\" data-settings=\"{&quot;background_background&quot;:&quot;classic&quot;}\">\n\t\t\t<div class=\"elementor-widget-wrap elementor-element-populated\">\n\t\t\t\t\t\t<div class=\"elementor-element elementor-element-aa9cd39 elementor-widget elementor-widget-heading\" data-id=\"aa9cd39\" data-element_type=\"widget\" data-widget_type=\"heading.default\">\n\t\t\t\t<div class=\"elementor-widget-container\">\n\t\t\t\t\t<h2 class=\"elementor-heading-title elementor-size-default\">V\u00e9loroute du Nord (V32)<\/h2>\t\t\t\t<\/div>\n\t\t\t\t<\/div>\n\t\t\t\t<div class=\"elementor-element elementor-element-1c3c7e6 elementor-widget elementor-widget-heading\" data-id=\"1c3c7e6\" data-element_type=\"widget\" data-widget_type=\"heading.default\">\n\t\t\t\t<div class=\"elementor-widget-container\">\n\t\t\t\t\t<h4 class=\"elementor-heading-title elementor-size-default\">Voie verte de la De\u00fble<\/h4>\t\t\t\t<\/div>\n\t\t\t\t<\/div>\n\t\t\t\t<div class=\"elementor-element elementor-element-6430267 elementor-widget-divider--view-line elementor-widget elementor-widget-divider\" data-id=\"6430267\" data-element_type=\"widget\" data-widget_type=\"divider.default\">\n\t\t\t\t<div class=\"elementor-widget-container\">\n\t\t\t\t\t\t\t<div class=\"elementor-divider\">\n\t\t\t<span class=\"elementor-divider-separator\">\n\t\t\t\t\t\t<\/span>\n\t\t<\/div>\n\t\t\t\t\t\t<\/div>\n\t\t\t\t<\/div>\n\t\t\t\t<div class=\"elementor-element elementor-element-a58ae8d elementor-widget elementor-widget-text-editor\" data-id=\"a58ae8d\" data-element_type=\"widget\" data-widget_type=\"text-editor.default\">\n\t\t\t\t<div class=\"elementor-widget-container\">\n\t\t\t\t\t\t\t\t\t<p>A pleasant route along the banks of two rivers, between Lille and the Belgian border.<br \/>The \u2018Green Corridor\u2019 linking the north of Lille to De\u00fbl\u00e9mont offers 17 km of easy ride along the towpath of the Basse-De\u00fble.<br \/>Once there, you can cross the nearby Belgian border over the Lys and continue your trip to Comines, Menin or even Kortrijk.<\/p>\t\t\t\t\t\t\t\t<\/div>\n\t\t\t\t<\/div>\n\t\t\t\t<div class=\"elementor-element elementor-element-eb8c3e0 elementor-widget-divider--view-line elementor-widget elementor-widget-divider\" data-id=\"eb8c3e0\" data-element_type=\"widget\" data-widget_type=\"divider.default\">\n\t\t\t\t<div class=\"elementor-widget-container\">\n\t\t\t\t\t\t\t<div class=\"elementor-divider\">\n\t\t\t<span class=\"elementor-divider-separator\">\n\t\t\t\t\t\t<\/span>\n\t\t<\/div>\n\t\t\t\t\t\t<\/div>\n\t\t\t\t<\/div>\n\t\t\t\t<section class=\"elementor-section elementor-inner-section elementor-element elementor-element-32eba0c elementor-section-full_width elementor-section-height-default elementor-section-height-default\" data-id=\"32eba0c\" data-element_type=\"section\" data-settings=\"{&quot;jet_parallax_layout_list&quot;:[]}\">\n\t\t\t\t\t\t<div class=\"elementor-container elementor-column-gap-no\">\n\t\t\t\t\t<div class=\"elementor-column elementor-col-100 elementor-inner-column elementor-element elementor-element-1e444d7\" data-id=\"1e444d7\" data-element_type=\"column\">\n\t\t\t<div class=\"elementor-widget-wrap elementor-element-populated\">\n\t\t\t\t\t\t<div class=\"elementor-element elementor-element-464ce1c elementor-align-left elementor-mobile-align-center elementor-widget elementor-widget-button\" data-id=\"464ce1c\" data-element_type=\"widget\" data-widget_type=\"button.default\">\n\t\t\t\t<div class=\"elementor-widget-container\">\n\t\t\t\t\t\t\t\t\t<div class=\"elementor-button-wrapper\">\n\t\t\t\t\t<a class=\"elementor-button elementor-button-link elementor-size-sm\" href=\"https:\/\/af3v.org\/les-voies-vertes\/voies\/199-search_tag\/\" target=\"_blank\" rel=\"nofollow\">\n\t\t\t\t\t\t<span class=\"elementor-button-content-wrapper\">\n\t\t\t\t\t\t<span class=\"elementor-button-icon\">\n\t\t\t\t<i aria-hidden=\"true\" class=\"fas fa-route\"><\/i>\t\t\t<\/span>\n\t\t\t\t\t\t\t\t\t<span class=\"elementor-button-text\">To the description<\/span>\n\t\t\t\t\t<\/span>\n\t\t\t\t\t<\/a>\n\t\t\t\t<\/div>\n\t\t\t\t\t\t\t\t<\/div>\n\t\t\t\t<\/div>\n\t\t\t\t\t<\/div>\n\t\t<\/div>\n\t\t\t\t\t<\/div>\n\t\t<\/section>\n\t\t\t\t\t<\/div>\n\t\t<\/div>\n\t\t\t\t\t<\/div>\n\t\t<\/section>\n\t\t\t\t<\/div>\n\t\t","protected":false},"excerpt":{"rendered":"<p>Home Walks+ Comines-Warneton, an appealing travel destinationSo much so that many regional and international organisations have included it in their list of walking and cycling routes.These diverse itineraries can be downloaded or followed using signposts. A vast network of active transport ways to explore, but also a godsend for those who love a challenge! VDB [&hellip;]<\/p>\n","protected":false},"author":5,"featured_media":0,"parent":20073,"menu_order":8,"comment_status":"closed","ping_status":"closed","template":"","meta":{"site-sidebar-layout":"no-sidebar","site-content-layout":"page-builder","ast-site-content-layout":"full-width-container","site-content-style":"unboxed","site-sidebar-style":"unboxed","ast-global-header-display":"","ast-banner-title-visibility":"","ast-main-header-display":"","ast-hfb-above-header-display":"","ast-hfb-below-header-display":"","ast-hfb-mobile-header-display":"","site-post-title":"disabled","ast-breadcrumbs-content":"","ast-featured-img":"disabled","footer-sml-layout":"","ast-disable-related-posts":"","theme-transparent-header-meta":"","adv-header-id-meta":"","stick-header-meta":"","header-above-stick-meta":"","header-main-stick-meta":"","header-below-stick-meta":"","astra-migrate-meta-layouts":"set","ast-page-background-enabled":"default","ast-page-background-meta":{"desktop":{"background-color":"","background-image":"","background-repeat":"repeat","background-position":"center center","background-size":"auto","background-attachment":"scroll","background-type":"","background-media":"","overlay-type":"","overlay-color":"","overlay-opacity":"","overlay-gradient":""},"tablet":{"background-color":"","background-image":"","background-repeat":"repeat","background-position":"center center","background-size":"auto","background-attachment":"scroll","background-type":"","background-media":"","overlay-type":"","overlay-color":"","overlay-opacity":"","overlay-gradient":""},"mobile":{"background-color":"","background-image":"","background-repeat":"repeat","background-position":"center center","background-size":"auto","background-attachment":"scroll","background-type":"","background-media":"","overlay-type":"","overlay-color":"","overlay-opacity":"","overlay-gradient":""}},"ast-content-background-meta":{"desktop":{"background-color":"var(--ast-global-color-5)","background-image":"","background-repeat":"repeat","background-position":"center center","background-size":"auto","background-attachment":"scroll","background-type":"","background-media":"","overlay-type":"","overlay-color":"","overlay-opacity":"","overlay-gradient":""},"tablet":{"background-color":"var(--ast-global-color-5)","background-image":"","background-repeat":"repeat","background-position":"center center","background-size":"auto","background-attachment":"scroll","background-type":"","background-media":"","overlay-type":"","overlay-color":"","overlay-opacity":"","overlay-gradient":""},"mobile":{"background-color":"var(--ast-global-color-5)","background-image":"","background-repeat":"repeat","background-position":"center center","background-size":"auto","background-attachment":"scroll","background-type":"","background-media":"","overlay-type":"","overlay-color":"","overlay-opacity":"","overlay-gradient":""}},"footnotes":""},"folder":[49],"class_list":["post-20307","page","type-page","status-publish","hentry"],"yoast_head":"<!-- This site is optimized with the Yoast SEO plugin v24.9 - https:\/\/yoast.com\/wordpress\/plugins\/seo\/ -->\n<title>Walks+<\/title>\n<meta name=\"description\" content=\"The VDB Route, the Via Yprensis, the V\u00e9loroute du Nord and the Via Sacra are just some of the regional and international cycle routes that pass through Comines-Warneton.\" \/>\n<meta name=\"robots\" content=\"index, follow, max-snippet:-1, max-image-preview:large, max-video-preview:-1\" \/>\n<link rel=\"canonical\" href=\"https:\/\/visitcomines-warneton.be\/en\/see-and-do\/walks-hikes\/walks-plus\/\" \/>\n<meta property=\"og:locale\" content=\"en_US\" \/>\n<meta property=\"og:type\" content=\"article\" \/>\n<meta property=\"og:title\" content=\"Walks+\" \/>\n<meta property=\"og:description\" content=\"The VDB Route, the Via Yprensis, the V\u00e9loroute du Nord and the Via Sacra are just some of the regional and international cycle routes that pass through Comines-Warneton.\" \/>\n<meta property=\"og:url\" content=\"https:\/\/visitcomines-warneton.be\/en\/see-and-do\/walks-hikes\/walks-plus\/\" \/>\n<meta property=\"og:site_name\" content=\"Office du Tourisme de Comines-Warneton\" \/>\n<meta property=\"article:modified_time\" content=\"2025-09-30T12:42:25+00:00\" \/>\n<meta property=\"og:image\" content=\"https:\/\/visitcomines-warneton.be\/wp-content\/uploads\/elementor\/thumbs\/via-sacra-2-qld8a2fq238qajaxijaziwlu6q3c6xx2ocf2eb43p4.jpg\" \/>\n<meta name=\"twitter:card\" content=\"summary_large_image\" \/>\n<meta name=\"twitter:label1\" content=\"Est. reading time\" \/>\n\t<meta name=\"twitter:data1\" content=\"8 minutes\" \/>\n<script type=\"application\/ld+json\" class=\"yoast-schema-graph\">{\"@context\":\"https:\/\/schema.org\",\"@graph\":[{\"@type\":\"WebPage\",\"@id\":\"https:\/\/visitcomines-warneton.be\/en\/see-and-do\/walks-hikes\/walks-plus\/\",\"url\":\"https:\/\/visitcomines-warneton.be\/en\/see-and-do\/walks-hikes\/walks-plus\/\",\"name\":\"Walks+\",\"isPartOf\":{\"@id\":\"https:\/\/visitcomines-warneton.be\/en\/#website\"},\"primaryImageOfPage\":{\"@id\":\"https:\/\/visitcomines-warneton.be\/en\/see-and-do\/walks-hikes\/walks-plus\/#primaryimage\"},\"image\":{\"@id\":\"https:\/\/visitcomines-warneton.be\/en\/see-and-do\/walks-hikes\/walks-plus\/#primaryimage\"},\"thumbnailUrl\":\"https:\/\/visitcomines-warneton.be\/wp-content\/uploads\/elementor\/thumbs\/via-sacra-2-qld8a2fq238qajaxijaziwlu6q3c6xx2ocf2eb43p4.jpg\",\"datePublished\":\"2023-08-28T07:28:57+00:00\",\"dateModified\":\"2025-09-30T12:42:25+00:00\",\"description\":\"The VDB Route, the Via Yprensis, the V\u00e9loroute du Nord and the Via Sacra are just some of the regional and international cycle routes that pass through Comines-Warneton.\",\"breadcrumb\":{\"@id\":\"https:\/\/visitcomines-warneton.be\/en\/see-and-do\/walks-hikes\/walks-plus\/#breadcrumb\"},\"inLanguage\":\"en-US\",\"potentialAction\":[{\"@type\":\"ReadAction\",\"target\":[\"https:\/\/visitcomines-warneton.be\/en\/see-and-do\/walks-hikes\/walks-plus\/\"]}]},{\"@type\":\"ImageObject\",\"inLanguage\":\"en-US\",\"@id\":\"https:\/\/visitcomines-warneton.be\/en\/see-and-do\/walks-hikes\/walks-plus\/#primaryimage\",\"url\":\"https:\/\/visitcomines-warneton.be\/wp-content\/uploads\/elementor\/thumbs\/via-sacra-2-qld8a2fq238qajaxijaziwlu6q3c6xx2ocf2eb43p4.jpg\",\"contentUrl\":\"https:\/\/visitcomines-warneton.be\/wp-content\/uploads\/elementor\/thumbs\/via-sacra-2-qld8a2fq238qajaxijaziwlu6q3c6xx2ocf2eb43p4.jpg\"},{\"@type\":\"BreadcrumbList\",\"@id\":\"https:\/\/visitcomines-warneton.be\/en\/see-and-do\/walks-hikes\/walks-plus\/#breadcrumb\",\"itemListElement\":[{\"@type\":\"ListItem\",\"position\":1,\"name\":\"Accueil\",\"item\":\"https:\/\/visitcomines-warneton.be\/en\/\"},{\"@type\":\"ListItem\",\"position\":2,\"name\":\"See &amp; Do\",\"item\":\"https:\/\/visitcomines-warneton.be\/en\/see-and-do\/\"},{\"@type\":\"ListItem\",\"position\":3,\"name\":\"Walks &amp; Hikes\",\"item\":\"https:\/\/visitcomines-warneton.be\/en\/see-and-do\/walks-hikes\/\"},{\"@type\":\"ListItem\",\"position\":4,\"name\":\"Walks+\"}]},{\"@type\":\"WebSite\",\"@id\":\"https:\/\/visitcomines-warneton.be\/en\/#website\",\"url\":\"https:\/\/visitcomines-warneton.be\/en\/\",\"name\":\"Office du Tourisme de Comines-Warneton\",\"description\":\"H\u00e9ritage de traditions, source d&#039;inspiration ...Destination Comines-Warneton\",\"alternateName\":\"Visit Comines-Warneton\",\"potentialAction\":[{\"@type\":\"SearchAction\",\"target\":{\"@type\":\"EntryPoint\",\"urlTemplate\":\"https:\/\/visitcomines-warneton.be\/en\/?s={search_term_string}\"},\"query-input\":{\"@type\":\"PropertyValueSpecification\",\"valueRequired\":true,\"valueName\":\"search_term_string\"}}],\"inLanguage\":\"en-US\"}]}<\/script>\n<!-- \/ Yoast SEO plugin. -->","yoast_head_json":{"title":"Walks+","description":"The VDB Route, the Via Yprensis, the V\u00e9loroute du Nord and the Via Sacra are just some of the regional and international cycle routes that pass through Comines-Warneton.","robots":{"index":"index","follow":"follow","max-snippet":"max-snippet:-1","max-image-preview":"max-image-preview:large","max-video-preview":"max-video-preview:-1"},"canonical":"https:\/\/visitcomines-warneton.be\/en\/see-and-do\/walks-hikes\/walks-plus\/","og_locale":"en_US","og_type":"article","og_title":"Walks+","og_description":"The VDB Route, the Via Yprensis, the V\u00e9loroute du Nord and the Via Sacra are just some of the regional and international cycle routes that pass through Comines-Warneton.","og_url":"https:\/\/visitcomines-warneton.be\/en\/see-and-do\/walks-hikes\/walks-plus\/","og_site_name":"Office du Tourisme de Comines-Warneton","article_modified_time":"2025-09-30T12:42:25+00:00","og_image":[{"url":"https:\/\/visitcomines-warneton.be\/wp-content\/uploads\/elementor\/thumbs\/via-sacra-2-qld8a2fq238qajaxijaziwlu6q3c6xx2ocf2eb43p4.jpg","type":"","width":"","height":""}],"twitter_card":"summary_large_image","twitter_misc":{"Est. reading time":"8 minutes"},"schema":{"@context":"https:\/\/schema.org","@graph":[{"@type":"WebPage","@id":"https:\/\/visitcomines-warneton.be\/en\/see-and-do\/walks-hikes\/walks-plus\/","url":"https:\/\/visitcomines-warneton.be\/en\/see-and-do\/walks-hikes\/walks-plus\/","name":"Walks+","isPartOf":{"@id":"https:\/\/visitcomines-warneton.be\/en\/#website"},"primaryImageOfPage":{"@id":"https:\/\/visitcomines-warneton.be\/en\/see-and-do\/walks-hikes\/walks-plus\/#primaryimage"},"image":{"@id":"https:\/\/visitcomines-warneton.be\/en\/see-and-do\/walks-hikes\/walks-plus\/#primaryimage"},"thumbnailUrl":"https:\/\/visitcomines-warneton.be\/wp-content\/uploads\/elementor\/thumbs\/via-sacra-2-qld8a2fq238qajaxijaziwlu6q3c6xx2ocf2eb43p4.jpg","datePublished":"2023-08-28T07:28:57+00:00","dateModified":"2025-09-30T12:42:25+00:00","description":"The VDB Route, the Via Yprensis, the V\u00e9loroute du Nord and the Via Sacra are just some of the regional and international cycle routes that pass through Comines-Warneton.","breadcrumb":{"@id":"https:\/\/visitcomines-warneton.be\/en\/see-and-do\/walks-hikes\/walks-plus\/#breadcrumb"},"inLanguage":"en-US","potentialAction":[{"@type":"ReadAction","target":["https:\/\/visitcomines-warneton.be\/en\/see-and-do\/walks-hikes\/walks-plus\/"]}]},{"@type":"ImageObject","inLanguage":"en-US","@id":"https:\/\/visitcomines-warneton.be\/en\/see-and-do\/walks-hikes\/walks-plus\/#primaryimage","url":"https:\/\/visitcomines-warneton.be\/wp-content\/uploads\/elementor\/thumbs\/via-sacra-2-qld8a2fq238qajaxijaziwlu6q3c6xx2ocf2eb43p4.jpg","contentUrl":"https:\/\/visitcomines-warneton.be\/wp-content\/uploads\/elementor\/thumbs\/via-sacra-2-qld8a2fq238qajaxijaziwlu6q3c6xx2ocf2eb43p4.jpg"},{"@type":"BreadcrumbList","@id":"https:\/\/visitcomines-warneton.be\/en\/see-and-do\/walks-hikes\/walks-plus\/#breadcrumb","itemListElement":[{"@type":"ListItem","position":1,"name":"Accueil","item":"https:\/\/visitcomines-warneton.be\/en\/"},{"@type":"ListItem","position":2,"name":"See &amp; Do","item":"https:\/\/visitcomines-warneton.be\/en\/see-and-do\/"},{"@type":"ListItem","position":3,"name":"Walks &amp; Hikes","item":"https:\/\/visitcomines-warneton.be\/en\/see-and-do\/walks-hikes\/"},{"@type":"ListItem","position":4,"name":"Walks+"}]},{"@type":"WebSite","@id":"https:\/\/visitcomines-warneton.be\/en\/#website","url":"https:\/\/visitcomines-warneton.be\/en\/","name":"Office du Tourisme de Comines-Warneton","description":"H\u00e9ritage de traditions, source d&#039;inspiration ...Destination Comines-Warneton","alternateName":"Visit Comines-Warneton","potentialAction":[{"@type":"SearchAction","target":{"@type":"EntryPoint","urlTemplate":"https:\/\/visitcomines-warneton.be\/en\/?s={search_term_string}"},"query-input":{"@type":"PropertyValueSpecification","valueRequired":true,"valueName":"search_term_string"}}],"inLanguage":"en-US"}]}},"_links":{"self":[{"href":"https:\/\/visitcomines-warneton.be\/en\/wp-json\/wp\/v2\/pages\/20307","targetHints":{"allow":["GET"]}}],"collection":[{"href":"https:\/\/visitcomines-warneton.be\/en\/wp-json\/wp\/v2\/pages"}],"about":[{"href":"https:\/\/visitcomines-warneton.be\/en\/wp-json\/wp\/v2\/types\/page"}],"author":[{"embeddable":true,"href":"https:\/\/visitcomines-warneton.be\/en\/wp-json\/wp\/v2\/users\/5"}],"replies":[{"embeddable":true,"href":"https:\/\/visitcomines-warneton.be\/en\/wp-json\/wp\/v2\/comments?post=20307"}],"version-history":[{"count":5,"href":"https:\/\/visitcomines-warneton.be\/en\/wp-json\/wp\/v2\/pages\/20307\/revisions"}],"predecessor-version":[{"id":20314,"href":"https:\/\/visitcomines-warneton.be\/en\/wp-json\/wp\/v2\/pages\/20307\/revisions\/20314"}],"up":[{"embeddable":true,"href":"https:\/\/visitcomines-warneton.be\/en\/wp-json\/wp\/v2\/pages\/20073"}],"wp:attachment":[{"href":"https:\/\/visitcomines-warneton.be\/en\/wp-json\/wp\/v2\/media?parent=20307"}],"wp:term":[{"taxonomy":"folder","embeddable":true,"href":"https:\/\/visitcomines-warneton.be\/en\/wp-json\/wp\/v2\/folder?post=20307"}],"curies":[{"name":"wp","href":"https:\/\/api.w.org\/{rel}","templated":true}]}}